{"id":203,"date":"2011-09-14T09:45:02","date_gmt":"2011-09-14T09:45:02","guid":{"rendered":"https:\/\/turysta2.pttk.pl\/"},"modified":"2026-07-15T12:01:46","modified_gmt":"2026-07-15T10:01:46","slug":"home","status":"publish","type":"page","link":"https:\/\/turysta2.pttk.pl\/","title":{"rendered":"Home"},"content":{"rendered":"<div class=\"row \"><div class=\"span9 \"><div class=\"row \"><div class=\"span6 \"><script type=\"text\/javascript\">\n\t\t\t\t\t\t\tjQuery(window).load(function() {\n\t\t\t\t\t\t\t\tjQuery(\"#flexslider_gwcpfujcbe\").flexslider({\n\t\t\t\t\t\t\t\t\tanimation: \"slide\",\n\t\t\t\t\t\t\t\t\tsmoothHeight : true,\n\t\t\t\t\t\t\t\t\tdirectionNav: true,\n\t\t\t\t\t\t\t\t\tcontrolNav: false,\n\t\t\t\t\t\t\t\t\trtl: false,\n\t\t\t\t\t\t\t\t\tpauseOnHover: true\n\t\t\t\t\t\t\t\t});\n\t\t\t\t\t\t\t});<\/script><div id=\"flexslider_gwcpfujcbe\" class=\"post-cycle-shortcode flexslider no-bg \"><ul class=\"slides\"><li class=\"list-item-0\"><figure class=\"thumbnail featured-thumbnail\"><a href=\"https:\/\/turysta2.pttk.pl\/?p=32895\" title=\"\u015al\u0105ska wie\u015b \u2013 zatrzymany \u015bwiat\"><img decoding=\"async\"  src=\"https:\/\/turysta2.pttk.pl\/wp-content\/uploads\/2026\/06\/20240512_132818-01-scaled-570x450.jpg\" alt=\"\u015al\u0105ska wie\u015b \u2013 zatrzymany \u015bwiat\" \/><\/a><\/figure><span class=\"post_category\"><a href=\"https:\/\/turysta2.pttk.pl\/?cat=92\" title=\"- Polecamy -\">- Polecamy -<\/a> , <a href=\"https:\/\/turysta2.pttk.pl\/?cat=14\" title=\"Krajoznawstwo\">Krajoznawstwo<\/a> <\/span><div class=\"desc\"><div class=\"desc-inner\"><h5><a href=\"https:\/\/turysta2.pttk.pl\/?p=32895\" title=\"\u015al\u0105ska wie\u015b \u2013 zatrzymany \u015bwiat\">\u015al\u0105ska wie\u015b \u2013 zatrzymany \u015bwiat<\/a><\/h5><div class=\"post_options\"><\/div><p class=\"excerpt\">Warsztaty kowalstwa podczas corocznego Dnia Rzemios\u0142a i R\u0119kodzie\u0142a Muzeum \u201eG\u00f3rno\u015bl\u0105ski Park Etnograficzny w Chorzowie\u201d to jedno z najwa\u017cniejszych... <\/p><a href=\"https:\/\/turysta2.pttk.pl\/?p=32895\" class=\"btn btn-primary\" title=\"\u015al\u0105ska wie\u015b \u2013 zatrzymany \u015bwiat\">Wi\u0119cej<\/a><\/div><\/div><\/li><li class=\"list-item-1\"><figure class=\"thumbnail featured-thumbnail\"><a href=\"https:\/\/turysta2.pttk.pl\/?p=32805\" title=\"Architektura Gdyni \u2013 nie tylko modernizm\"><img decoding=\"async\"  src=\"https:\/\/turysta2.pttk.pl\/wp-content\/uploads\/2026\/04\/Projekt-bez-nazwy-1-1-scaled-570x450.jpg\" alt=\"Architektura Gdyni \u2013 nie tylko modernizm\" \/><\/a><\/figure><span class=\"post_category\"><a href=\"https:\/\/turysta2.pttk.pl\/?cat=92\" title=\"- Polecamy -\">- Polecamy -<\/a> , <a href=\"https:\/\/turysta2.pttk.pl\/?cat=5\" title=\"To Polska w\u0142a\u015bnie\">To Polska w\u0142a\u015bnie<\/a> <\/span><div class=\"desc\"><div class=\"desc-inner\"><h5><a href=\"https:\/\/turysta2.pttk.pl\/?p=32805\" title=\"Architektura Gdyni \u2013 nie tylko modernizm\">Architektura Gdyni \u2013 nie tylko modernizm<\/a><\/h5><div class=\"post_options\"><\/div><p class=\"excerpt\">Bankowiec \u2013 najwi\u0119kszy budynek mieszkalny przedwojennej Gdyni, zaprojektowany przez Stanis\u0142awa Zio\u0142owskiego fot. Mateusz Leman Gdy\u0144ska architektura nie ogranicza... <\/p><a href=\"https:\/\/turysta2.pttk.pl\/?p=32805\" class=\"btn btn-primary\" title=\"Architektura Gdyni \u2013 nie tylko modernizm\">Wi\u0119cej<\/a><\/div><\/div><\/li><li class=\"list-item-2\"><figure class=\"thumbnail featured-thumbnail\"><a href=\"https:\/\/turysta2.pttk.pl\/?p=32745\" title=\"W\u00a0Kotlinie\u00a0Sandomierskiej i\u00a0na\u00a0Roztoczu\"><img decoding=\"async\"  src=\"https:\/\/turysta2.pttk.pl\/wp-content\/uploads\/2026\/02\/MBo_20200423-388-scaled-570x450.jpg\" alt=\"W\u00a0Kotlinie\u00a0Sandomierskiej i\u00a0na\u00a0Roztoczu\" \/><\/a><\/figure><span class=\"post_category\"><a href=\"https:\/\/turysta2.pttk.pl\/?cat=92\" title=\"- Polecamy -\">- Polecamy -<\/a> , <a href=\"https:\/\/turysta2.pttk.pl\/?cat=5\" title=\"To Polska w\u0142a\u015bnie\">To Polska w\u0142a\u015bnie<\/a> <\/span><div class=\"desc\"><div class=\"desc-inner\"><h5><a href=\"https:\/\/turysta2.pttk.pl\/?p=32745\" title=\"W\u00a0Kotlinie\u00a0Sandomierskiej i\u00a0na\u00a0Roztoczu\">W\u00a0Kotlinie\u00a0Sandomierskiej i\u00a0na\u00a0Roztoczu<\/a><\/h5><div class=\"post_options\"><\/div><p class=\"excerpt\">Zamek w Baranowie Sandomierskim \u2013 imponuj\u0105ca renesansowa rezydencja fot. Micha\u0142 Bosek\/UMWP P\u00f3\u0142nocn\u0105 cz\u0119\u015b\u0107 wojew\u00f3dztwa podkarpackiego, le\u017c\u0105c\u0105 ju\u017c poza... <\/p><a href=\"https:\/\/turysta2.pttk.pl\/?p=32745\" class=\"btn btn-primary\" title=\"W\u00a0Kotlinie\u00a0Sandomierskiej i\u00a0na\u00a0Roztoczu\">Wi\u0119cej<\/a><\/div><\/div><\/li><\/ul><\/div>\n<div class=\"tabs-wrapper tabbable tabs-top\"><ul class=\"nav nav-tabs\"><li class=\"active tab-1\"><a href=\"#tab-1-1029813016\" data-toggle=\"tab\">Aktualno\u015bci<\/a><\/li><li class=\"tab-2\"><a href=\"#tab-2-1029813016\" data-toggle=\"tab\">Musisz zobaczy\u0107<\/a><\/li><\/ul><div class=\"tab-content\"><div id=\"tab-1-1029813016\" class=\"tab-pane fade in active\"><ul class=\"posts-grid row-fluid unstyled  ul-item-0\"><li class=\"span6 list-item-1\"><figure class=\"featured-thumbnail thumbnail\"><a href=\"https:\/\/turysta2.pttk.pl\/wp-content\/uploads\/2026\/05\/Kopernik.jpg\" title=\"Powr\u00f3t komiksowych w\u0119dr\u00f3wek z Kopernikiem\" rel=\"prettyPhoto-723496988[gallery0]\"><img decoding=\"async\" src=\"https:\/\/turysta2.pttk.pl\/wp-content\/uploads\/2026\/05\/Kopernik-270x213.jpg\" alt=\"Powr\u00f3t komiksowych w\u0119dr\u00f3wek z Kopernikiem\" \/><span class=\"zoom-icon\"><\/span><\/a><span class=\"post_category\"><a href=\"https:\/\/turysta2.pttk.pl\/?cat=93\" title=\"Aktualno\u015bci\">Aktualno\u015bci<\/a> <\/span><\/figure><div class=\"clear\"><\/div><h5><a href=\"https:\/\/turysta2.pttk.pl\/?p=32848\" title=\"Powr\u00f3t komiksowych w\u0119dr\u00f3wek z Kopernikiem\">Powr\u00f3t komiksowych w\u0119dr\u00f3wek z Kopernikiem<\/a><\/h5><\/li><li class=\"span6 list-item-2\"><figure class=\"featured-thumbnail thumbnail\"><a href=\"https:\/\/turysta2.pttk.pl\/wp-content\/uploads\/2026\/05\/Kids-CUP-Trec-pttk.jpg\" title=\"Pierwszy krok do \u015bwiata TREC\" rel=\"prettyPhoto-723496988[gallery1]\"><img decoding=\"async\" src=\"https:\/\/turysta2.pttk.pl\/wp-content\/uploads\/2026\/05\/Kids-CUP-Trec-pttk-270x213.jpg\" alt=\"Pierwszy krok do \u015bwiata TREC\" \/><span class=\"zoom-icon\"><\/span><\/a><span class=\"post_category\"><a href=\"https:\/\/turysta2.pttk.pl\/?cat=93\" title=\"Aktualno\u015bci\">Aktualno\u015bci<\/a> , <a href=\"https:\/\/turysta2.pttk.pl\/?cat=72\" title=\"Turystyka je\u017adziecka\">Turystyka je\u017adziecka<\/a> <\/span><\/figure><div class=\"clear\"><\/div><h5><a href=\"https:\/\/turysta2.pttk.pl\/?p=32844\" title=\"Pierwszy krok do \u015bwiata TREC\">Pierwszy krok do \u015bwiata TREC<\/a><\/h5><\/li><\/ul><!-- .posts-grid (end) --><ul class=\"posts-grid row-fluid unstyled  ul-item-1\"><li class=\"span6 list-item-1\"><figure class=\"featured-thumbnail thumbnail\"><a href=\"https:\/\/turysta2.pttk.pl\/wp-content\/uploads\/2025\/10\/1.-Gmach-Teatru-Wielkiego-TW-ON-Krzysztof-Bielinski.jpg\" title=\"Jak Feniks z popio\u0142\u00f3w \u2013 dzieje Teatru Wielkiego\" rel=\"prettyPhoto-723496988[gallery2]\"><img decoding=\"async\" src=\"https:\/\/turysta2.pttk.pl\/wp-content\/uploads\/2025\/10\/1.-Gmach-Teatru-Wielkiego-TW-ON-Krzysztof-Bielinski-min-1-1-270x213.jpg\" alt=\"Jak Feniks z popio\u0142\u00f3w \u2013 dzieje Teatru Wielkiego\" \/><span class=\"zoom-icon\"><\/span><\/a><span class=\"post_category\"><a href=\"https:\/\/turysta2.pttk.pl\/?cat=93\" title=\"Aktualno\u015bci\">Aktualno\u015bci<\/a> , <a href=\"https:\/\/turysta2.pttk.pl\/?cat=9\" title=\"Warto wiedzie\u0107\">Warto wiedzie\u0107<\/a> <\/span><\/figure><figure class=\"featured-thumbnail thumbnail\" style=\"display:none;\"><a href=\"https:\/\/turysta2.pttk.pl\/wp-content\/uploads\/2025\/10\/1.-Gmach-Teatru-Wielkiego-TW-ON-Krzysztof-Bielinski-min-1.jpg\" title=\"Jak Feniks z popio\u0142\u00f3w \u2013 dzieje Teatru Wielkiego\" rel=\"prettyPhoto-723496988[gallery2]\"><span class=\"zoom-icon\"><\/span><\/a><span class=\"post_category\"><a href=\"https:\/\/turysta2.pttk.pl\/?cat=93\" title=\"Aktualno\u015bci\">Aktualno\u015bci<\/a> , <a href=\"https:\/\/turysta2.pttk.pl\/?cat=9\" title=\"Warto wiedzie\u0107\">Warto wiedzie\u0107<\/a> <\/span><\/figure><figure class=\"featured-thumbnail thumbnail\" style=\"display:none;\"><a href=\"https:\/\/turysta2.pttk.pl\/wp-content\/uploads\/2025\/10\/1.-Gmach-Teatru-Wielkiego-TW-ON-Krzysztof-Bielinski-min-1-1.jpg\" title=\"Jak Feniks z popio\u0142\u00f3w \u2013 dzieje Teatru Wielkiego\" rel=\"prettyPhoto-723496988[gallery2]\"><span class=\"zoom-icon\"><\/span><\/a><span class=\"post_category\"><a href=\"https:\/\/turysta2.pttk.pl\/?cat=93\" title=\"Aktualno\u015bci\">Aktualno\u015bci<\/a> , <a href=\"https:\/\/turysta2.pttk.pl\/?cat=9\" title=\"Warto wiedzie\u0107\">Warto wiedzie\u0107<\/a> <\/span><\/figure><figure class=\"featured-thumbnail thumbnail\" style=\"display:none;\"><a href=\"https:\/\/turysta2.pttk.pl\/wp-content\/uploads\/2025\/10\/3.-Teatr-Wielki-po-zniszczeniach-II-WS-fot.-archiwum-TWON-fot1.jpg\" title=\"Jak Feniks z popio\u0142\u00f3w \u2013 dzieje Teatru Wielkiego\" rel=\"prettyPhoto-723496988[gallery2]\"><span class=\"zoom-icon\"><\/span><\/a><span class=\"post_category\"><a href=\"https:\/\/turysta2.pttk.pl\/?cat=93\" title=\"Aktualno\u015bci\">Aktualno\u015bci<\/a> , <a href=\"https:\/\/turysta2.pttk.pl\/?cat=9\" title=\"Warto wiedzie\u0107\">Warto wiedzie\u0107<\/a> <\/span><\/figure><figure class=\"featured-thumbnail thumbnail\" style=\"display:none;\"><a href=\"https:\/\/turysta2.pttk.pl\/wp-content\/uploads\/2025\/10\/4.-Wnetrze-Teatru-Wielkiego-fot.-K.-Bielinski-TWON-BIEL7283.jpg\" title=\"Jak Feniks z popio\u0142\u00f3w \u2013 dzieje Teatru Wielkiego\" rel=\"prettyPhoto-723496988[gallery2]\"><span class=\"zoom-icon\"><\/span><\/a><span class=\"post_category\"><a href=\"https:\/\/turysta2.pttk.pl\/?cat=93\" title=\"Aktualno\u015bci\">Aktualno\u015bci<\/a> , <a href=\"https:\/\/turysta2.pttk.pl\/?cat=9\" title=\"Warto wiedzie\u0107\">Warto wiedzie\u0107<\/a> <\/span><\/figure><div class=\"clear\"><\/div><h5><a href=\"https:\/\/turysta2.pttk.pl\/?p=32655\" title=\"Jak Feniks z popio\u0142\u00f3w \u2013 dzieje Teatru Wielkiego\">Jak Feniks z popio\u0142\u00f3w \u2013 dzieje Teatru Wielkiego<\/a><\/h5><\/li><li class=\"span6 list-item-2\"><figure class=\"featured-thumbnail thumbnail\"><a href=\"https:\/\/turysta2.pttk.pl\/wp-content\/uploads\/2025\/06\/1.-Uczestnicy-szkolenia-w-KPN-fot.-Szymon-Bijak-scaled.jpg\" title=\"Kampinoscy pionierzy\" rel=\"prettyPhoto-723496988[gallery3]\"><img decoding=\"async\" src=\"https:\/\/turysta2.pttk.pl\/wp-content\/uploads\/2025\/06\/1.-Uczestnicy-szkolenia-w-KPN-fot.-Szymon-Bijak-scaled-270x213.jpg\" alt=\"Kampinoscy pionierzy\" \/><span class=\"zoom-icon\"><\/span><\/a><span class=\"post_category\"><a href=\"https:\/\/turysta2.pttk.pl\/?cat=93\" title=\"Aktualno\u015bci\">Aktualno\u015bci<\/a> , <a href=\"https:\/\/turysta2.pttk.pl\/?cat=9\" title=\"Warto wiedzie\u0107\">Warto wiedzie\u0107<\/a> <\/span><\/figure><div class=\"clear\"><\/div><h5><a href=\"https:\/\/turysta2.pttk.pl\/?p=32407\" title=\"Kampinoscy pionierzy\">Kampinoscy pionierzy<\/a><\/h5><\/li><\/ul><!-- .posts-grid (end) --><a href=\"\/kategoria\/warto-wiedziec\/aktualnosci\/\" title=\"Wi\u0119cej...\" class=\"btn btn-primary btn-large btn-inline \" target=\"_self\">Wi\u0119cej...<\/a><!-- .btn --><\/div><!-- .tab (end) --><div id=\"tab-2-1029813016\" class=\"tab-pane fade \"><ul class=\"posts-grid row-fluid unstyled  ul-item-0\"><li class=\"span6 list-item-1\"><figure class=\"featured-thumbnail thumbnail\"><a href=\"https:\/\/turysta2.pttk.pl\/wp-content\/uploads\/2026\/06\/Kids-CUP-Trec-pttk.jpg\" title=\"S jak Sok\u00f3\u0142 Franciszek\" rel=\"prettyPhoto-642993561[gallery0]\"><img decoding=\"async\" src=\"https:\/\/turysta2.pttk.pl\/wp-content\/uploads\/2026\/06\/Kids-CUP-Trec-pttk-270x213.jpg\" alt=\"S jak Sok\u00f3\u0142 Franciszek\" \/><span class=\"zoom-icon\"><\/span><\/a><span class=\"post_category\"><a href=\"https:\/\/turysta2.pttk.pl\/?cat=113\" title=\"Alfabet krajoznawcy\">Alfabet krajoznawcy<\/a> <\/span><\/figure><div class=\"clear\"><\/div><h5><a href=\"https:\/\/turysta2.pttk.pl\/?p=32931\" title=\"S jak Sok\u00f3\u0142 Franciszek\">S jak Sok\u00f3\u0142 Franciszek<\/a><\/h5><\/li><li class=\"span6 list-item-2\"><figure class=\"featured-thumbnail thumbnail\"><a href=\"https:\/\/turysta2.pttk.pl\/wp-content\/uploads\/2026\/05\/2.-Straznik-Szczecinka-fot.-M.Korkus-scaled.jpg\" title=\"Spacerowe atrakcje Szczecinka\" rel=\"prettyPhoto-642993561[gallery1]\"><img decoding=\"async\" src=\"https:\/\/turysta2.pttk.pl\/wp-content\/uploads\/2026\/05\/2.-Straznik-Szczecinka-fot.-M.Korkus-scaled-270x213.jpg\" alt=\"Spacerowe atrakcje Szczecinka\" \/><span class=\"zoom-icon\"><\/span><\/a><span class=\"post_category\"><a href=\"https:\/\/turysta2.pttk.pl\/?cat=95\" title=\"Musisz zobaczy\u0107\">Musisz zobaczy\u0107<\/a> <\/span><\/figure><figure class=\"featured-thumbnail thumbnail\" style=\"display:none;\"><a href=\"https:\/\/turysta2.pttk.pl\/wp-content\/uploads\/2026\/05\/3.-Gryf-i-Jesiotr-na-Placu-Wolnosci-fot.S.Bezak_.jpg\" title=\"Spacerowe atrakcje Szczecinka\" rel=\"prettyPhoto-642993561[gallery1]\"><span class=\"zoom-icon\"><\/span><\/a><span class=\"post_category\"><a href=\"https:\/\/turysta2.pttk.pl\/?cat=95\" title=\"Musisz zobaczy\u0107\">Musisz zobaczy\u0107<\/a> <\/span><\/figure><figure class=\"featured-thumbnail thumbnail\" style=\"display:none;\"><a href=\"https:\/\/turysta2.pttk.pl\/wp-content\/uploads\/2026\/05\/1.-Don_Kichot-fot.-M.Korkus-scaled.jpg\" title=\"Spacerowe atrakcje Szczecinka\" rel=\"prettyPhoto-642993561[gallery1]\"><span class=\"zoom-icon\"><\/span><\/a><span class=\"post_category\"><a href=\"https:\/\/turysta2.pttk.pl\/?cat=95\" title=\"Musisz zobaczy\u0107\">Musisz zobaczy\u0107<\/a> <\/span><\/figure><div class=\"clear\"><\/div><h5><a href=\"https:\/\/turysta2.pttk.pl\/?p=32839\" title=\"Spacerowe atrakcje Szczecinka\">Spacerowe atrakcje Szczecinka<\/a><\/h5><\/li><\/ul><!-- .posts-grid (end) --><ul class=\"posts-grid row-fluid unstyled  ul-item-1\"><li class=\"span6 list-item-1\"><figure class=\"featured-thumbnail thumbnail\"><a href=\"https:\/\/turysta2.pttk.pl\/wp-content\/uploads\/2026\/04\/2025-06-01-BIRDABO-STUDIO-targ-staroci-0004.jpg\" title=\"Przedmioty z dusz\u0105 w Miko\u0142owie\" rel=\"prettyPhoto-642993561[gallery2]\"><img decoding=\"async\" src=\"https:\/\/turysta2.pttk.pl\/wp-content\/uploads\/2026\/04\/2025-06-01-BIRDABO-STUDIO-targ-staroci-0004-270x213.jpg\" alt=\"Przedmioty z dusz\u0105 w Miko\u0142owie\" \/><span class=\"zoom-icon\"><\/span><\/a><span class=\"post_category\"><a href=\"https:\/\/turysta2.pttk.pl\/?cat=95\" title=\"Musisz zobaczy\u0107\">Musisz zobaczy\u0107<\/a> , <a href=\"https:\/\/turysta2.pttk.pl\/?cat=11\" title=\"Turysta poleca\">Turysta poleca<\/a> <\/span><\/figure><div class=\"clear\"><\/div><h5><a href=\"https:\/\/turysta2.pttk.pl\/?p=32810\" title=\"Przedmioty z dusz\u0105 w Miko\u0142owie\">Przedmioty z dusz\u0105 w Miko\u0142owie<\/a><\/h5><\/li><li class=\"span6 list-item-2\"><figure class=\"featured-thumbnail thumbnail\"><a href=\"https:\/\/turysta2.pttk.pl\/wp-content\/uploads\/2026\/02\/1.-Mechelinskie-Laki-scaled.jpg\" title=\"W\u00a0krainie\u00a0miko\u0142ajka\" rel=\"prettyPhoto-642993561[gallery3]\"><img decoding=\"async\" src=\"https:\/\/turysta2.pttk.pl\/wp-content\/uploads\/2026\/02\/Eryngium_maritimum_kz22-scaled-270x213.jpg\" alt=\"W\u00a0krainie\u00a0miko\u0142ajka\" \/><span class=\"zoom-icon\"><\/span><\/a><span class=\"post_category\"><a href=\"https:\/\/turysta2.pttk.pl\/?cat=95\" title=\"Musisz zobaczy\u0107\">Musisz zobaczy\u0107<\/a> <\/span><\/figure><figure class=\"featured-thumbnail thumbnail\" style=\"display:none;\"><a href=\"https:\/\/turysta2.pttk.pl\/wp-content\/uploads\/2026\/02\/2.-mikolajek-nadmorski-scaled.jpg\" title=\"W\u00a0krainie\u00a0miko\u0142ajka\" rel=\"prettyPhoto-642993561[gallery3]\"><span class=\"zoom-icon\"><\/span><\/a><span class=\"post_category\"><a href=\"https:\/\/turysta2.pttk.pl\/?cat=95\" title=\"Musisz zobaczy\u0107\">Musisz zobaczy\u0107<\/a> <\/span><\/figure><figure class=\"featured-thumbnail thumbnail\" style=\"display:none;\"><a href=\"https:\/\/turysta2.pttk.pl\/wp-content\/uploads\/2026\/02\/4.-Siedliska-jaskolek-scaled.jpg\" title=\"W\u00a0krainie\u00a0miko\u0142ajka\" rel=\"prettyPhoto-642993561[gallery3]\"><span class=\"zoom-icon\"><\/span><\/a><span class=\"post_category\"><a href=\"https:\/\/turysta2.pttk.pl\/?cat=95\" title=\"Musisz zobaczy\u0107\">Musisz zobaczy\u0107<\/a> <\/span><\/figure><figure class=\"featured-thumbnail thumbnail\" style=\"display:none;\"><a href=\"https:\/\/turysta2.pttk.pl\/wp-content\/uploads\/2026\/02\/3.-Torpedownia-w-Babich-Dolach-scaled.jpg\" title=\"W\u00a0krainie\u00a0miko\u0142ajka\" rel=\"prettyPhoto-642993561[gallery3]\"><span class=\"zoom-icon\"><\/span><\/a><span class=\"post_category\"><a href=\"https:\/\/turysta2.pttk.pl\/?cat=95\" title=\"Musisz zobaczy\u0107\">Musisz zobaczy\u0107<\/a> <\/span><\/figure><figure class=\"featured-thumbnail thumbnail\" style=\"display:none;\"><a href=\"https:\/\/turysta2.pttk.pl\/wp-content\/uploads\/2026\/02\/Eryngium_maritimum_kz22-scaled.jpg\" title=\"W\u00a0krainie\u00a0miko\u0142ajka\" rel=\"prettyPhoto-642993561[gallery3]\"><span class=\"zoom-icon\"><\/span><\/a><span class=\"post_category\"><a href=\"https:\/\/turysta2.pttk.pl\/?cat=95\" title=\"Musisz zobaczy\u0107\">Musisz zobaczy\u0107<\/a> <\/span><\/figure><div class=\"clear\"><\/div><h5><a href=\"https:\/\/turysta2.pttk.pl\/?p=32738\" title=\"W\u00a0krainie\u00a0miko\u0142ajka\">W\u00a0krainie\u00a0miko\u0142ajka<\/a><\/h5><\/li><\/ul><!-- .posts-grid (end) --><a href=\"\/kategoria\/warto-wiedziec\/musisz-zobaczyc\/\" title=\"Wi\u0119cej...\" class=\"btn btn-primary btn-large btn-inline \" target=\"_self\">Wi\u0119cej...<\/a><!-- .btn --><\/div><!-- .tab (end) --><\/div><!-- .tab-content (end) --><\/div><!-- .tabs-wrapper (end) --><div class=\"spacer\"><\/div><!-- .spacer (end) --><\/div>\n<div class=\"span3 \"><h2>Warto wiedzie\u0107<\/h2>\n<ul class=\"recent-posts style-1 unstyled\"><li class=\"recent-posts_li post-32931 post type-post status-publish format-standard has-post-thumbnail hentry category-alfabet-krajoznawcy cat-113-id  list-item-0 clearfix\"><figure class=\"thumbnail featured-thumbnail\"><a href=\"https:\/\/turysta2.pttk.pl\/?p=32931\" title=\"S jak Sok\u00f3\u0142 Franciszek\"><img decoding=\"async\" src=\"https:\/\/turysta2.pttk.pl\/wp-content\/uploads\/2026\/06\/Kids-CUP-Trec-pttk-270x213.jpg\" alt=\"S jak Sok\u00f3\u0142 Franciszek\"\/><\/a><span class=\"post_category\"><a href=\"https:\/\/turysta2.pttk.pl\/?cat=113\" title=\"Alfabet krajoznawcy\">Alfabet krajoznawcy<\/a> <\/span><\/figure><div class=\"desc\"><h5><a href=\"https:\/\/turysta2.pttk.pl\/?p=32931\" title=\"S jak Sok\u00f3\u0142 Franciszek\">S jak Sok\u00f3\u0142 Franciszek<\/a><\/h5><div class=\"excerpt\">Franciszek Sok\u00f3\u0142 \u2013... <\/div><a href=\"https:\/\/turysta2.pttk.pl\/?p=32931\" class=\"btn btn-primary\" title=\"S jak Sok\u00f3\u0142 Franciszek\">Wi\u0119cej<\/a><\/div><div class=\"clear\"><\/div><\/li><!-- .entry (end) --><li class=\"recent-posts_li post-32848 post type-post status-publish format-standard has-post-thumbnail hentry category-aktualnosci cat-93-id  list-item-1 clearfix\"><figure class=\"thumbnail featured-thumbnail\"><a href=\"https:\/\/turysta2.pttk.pl\/?p=32848\" title=\"Powr\u00f3t komiksowych w\u0119dr\u00f3wek z Kopernikiem\"><img decoding=\"async\" src=\"https:\/\/turysta2.pttk.pl\/wp-content\/uploads\/2026\/05\/Kopernik-270x213.jpg\" alt=\"Powr\u00f3t komiksowych w\u0119dr\u00f3wek z Kopernikiem\"\/><\/a><span class=\"post_category\"><a href=\"https:\/\/turysta2.pttk.pl\/?cat=93\" title=\"Aktualno\u015bci\">Aktualno\u015bci<\/a> <\/span><\/figure><div class=\"desc\"><h5><a href=\"https:\/\/turysta2.pttk.pl\/?p=32848\" title=\"Powr\u00f3t komiksowych w\u0119dr\u00f3wek z Kopernikiem\">Powr\u00f3t komiksowych w\u0119dr\u00f3wek z Kopernikiem<\/a><\/h5><div class=\"excerpt\">Z okazji Roku... <\/div><a href=\"https:\/\/turysta2.pttk.pl\/?p=32848\" class=\"btn btn-primary\" title=\"Powr\u00f3t komiksowych w\u0119dr\u00f3wek z Kopernikiem\">Wi\u0119cej<\/a><\/div><div class=\"clear\"><\/div><\/li><!-- .entry (end) --><li class=\"recent-posts_li post-32844 post type-post status-publish format-standard has-post-thumbnail hentry category-aktualnosci category-turystyka-jezdziecka cat-93-id cat-72-id  list-item-2 clearfix\"><figure class=\"thumbnail featured-thumbnail\"><a href=\"https:\/\/turysta2.pttk.pl\/?p=32844\" title=\"Pierwszy krok do \u015bwiata TREC\"><img decoding=\"async\" src=\"https:\/\/turysta2.pttk.pl\/wp-content\/uploads\/2026\/05\/Kids-CUP-Trec-pttk-270x213.jpg\" alt=\"Pierwszy krok do \u015bwiata TREC\"\/><\/a><span class=\"post_category\"><a href=\"https:\/\/turysta2.pttk.pl\/?cat=93\" title=\"Aktualno\u015bci\">Aktualno\u015bci<\/a> , <a href=\"https:\/\/turysta2.pttk.pl\/?cat=72\" title=\"Turystyka je\u017adziecka\">Turystyka je\u017adziecka<\/a> <\/span><\/figure><div class=\"desc\"><h5><a href=\"https:\/\/turysta2.pttk.pl\/?p=32844\" title=\"Pierwszy krok do \u015bwiata TREC\">Pierwszy krok do \u015bwiata TREC<\/a><\/h5><div class=\"excerpt\">fot. Katarzyna Szymenderska\/Magiczne... <\/div><a href=\"https:\/\/turysta2.pttk.pl\/?p=32844\" class=\"btn btn-primary\" title=\"Pierwszy krok do \u015bwiata TREC\">Wi\u0119cej<\/a><\/div><div class=\"clear\"><\/div><\/li><!-- .entry (end) --><\/ul><!-- .recent-posts (end) -->\n<h2>A to Polska w\u0142a\u015bnie<\/h2>\n<ul class=\"recent-posts  unstyled\"><li class=\"recent-posts_li post-32815 post type-post status-publish format-standard has-post-thumbnail hentry category-a-to-polska-wlasnie category-turysta-poleca cat-5-id cat-11-id  list-item-0 clearfix\"><div class=\"desc\"><h5><a href=\"https:\/\/turysta2.pttk.pl\/?p=32815\" title=\"Pieszo od Bieszczad\u00f3w po Roztocze\">Pieszo od Bieszczad\u00f3w po Roztocze<\/a><\/h5><\/div><div class=\"clear\"><\/div><\/li><!-- .entry (end) --><li class=\"recent-posts_li post-32805 post type-post status-publish format-standard has-post-thumbnail hentry category-polecamy category-a-to-polska-wlasnie cat-92-id cat-5-id  list-item-1 clearfix\"><div class=\"desc\"><h5><a href=\"https:\/\/turysta2.pttk.pl\/?p=32805\" title=\"Architektura Gdyni \u2013 nie tylko modernizm\">Architektura Gdyni \u2013 nie tylko modernizm<\/a><\/h5><\/div><div class=\"clear\"><\/div><\/li><!-- .entry (end) --><li class=\"recent-posts_li post-32745 post type-post status-publish format-standard has-post-thumbnail hentry category-polecamy category-a-to-polska-wlasnie cat-92-id cat-5-id  list-item-2 clearfix\"><div class=\"desc\"><h5><a href=\"https:\/\/turysta2.pttk.pl\/?p=32745\" title=\"W\u00a0Kotlinie\u00a0Sandomierskiej i\u00a0na\u00a0Roztoczu\">W\u00a0Kotlinie\u00a0Sandomierskiej i\u00a0na\u00a0Roztoczu<\/a><\/h5><\/div><div class=\"clear\"><\/div><\/li><!-- .entry (end) --><\/ul><!-- .recent-posts (end) -->\n<div class=\"spacer\"><\/div><!-- .spacer (end) --><\/div>\n<\/div> <!-- .row (end) -->\n<div class=\"row \">\n<div class=\"span3 \"><h2>Turystyka<\/h2>\n<ul class=\"recent-posts style-2 unstyled\"><li class=\"recent-posts_li post-32919 post type-post status-publish format-standard has-post-thumbnail hentry category-turystyka-piesza category-turystyka-pttk cat-68-id cat-41-id  list-item-0 clearfix\"><figure class=\"thumbnail featured-thumbnail\"><a href=\"https:\/\/turysta2.pttk.pl\/?p=32919\" title=\"Na nowym szlaku z \u0141agowa do Ujazdu\"><img decoding=\"async\" src=\"https:\/\/turysta2.pttk.pl\/wp-content\/uploads\/2026\/06\/2.-Widok-na-Pasmo-Jeleniowski-scaled-270x213.jpg\" alt=\"Na nowym szlaku z \u0141agowa do Ujazdu\"\/><\/a><span class=\"post_category\"><a href=\"https:\/\/turysta2.pttk.pl\/?cat=68\" title=\"Turystyka piesza\">Turystyka piesza<\/a> , <a href=\"https:\/\/turysta2.pttk.pl\/?cat=41\" title=\"Turystyka w PTTK\">Turystyka w PTTK<\/a> <\/span><\/figure><div class=\"desc\"><h5><a href=\"https:\/\/turysta2.pttk.pl\/?p=32919\" title=\"Na nowym szlaku z \u0141agowa do Ujazdu\">Na nowym szlaku z \u0141agowa do Ujazdu<\/a><\/h5><a href=\"https:\/\/turysta2.pttk.pl\/?p=32919\" class=\"btn btn-primary\" title=\"Na nowym szlaku z \u0141agowa do Ujazdu\">Wi\u0119cej<\/a><\/div><div class=\"clear\"><\/div><\/li><!-- .entry (end) --><li class=\"recent-posts_li post-32868 post type-post status-publish format-standard has-post-thumbnail hentry category-turystyka-piesza cat-68-id  list-item-1 clearfix\"><figure class=\"thumbnail featured-thumbnail\"><a href=\"https:\/\/turysta2.pttk.pl\/?p=32868\" title=\"Pieszo przez ziemi\u0119 cieszy\u0144sk\u0105\"><img decoding=\"async\" src=\"https:\/\/turysta2.pttk.pl\/wp-content\/uploads\/2026\/05\/Beskid_Slaski_\u2013_Panorama_z_Baraniej_Gory-scaled-270x213.jpg\" alt=\"Pieszo przez ziemi\u0119 cieszy\u0144sk\u0105\"\/><\/a><span class=\"post_category\"><a href=\"https:\/\/turysta2.pttk.pl\/?cat=68\" title=\"Turystyka piesza\">Turystyka piesza<\/a> <\/span><\/figure><div class=\"desc\"><h5><a href=\"https:\/\/turysta2.pttk.pl\/?p=32868\" title=\"Pieszo przez ziemi\u0119 cieszy\u0144sk\u0105\">Pieszo przez ziemi\u0119 cieszy\u0144sk\u0105<\/a><\/h5><a href=\"https:\/\/turysta2.pttk.pl\/?p=32868\" class=\"btn btn-primary\" title=\"Pieszo przez ziemi\u0119 cieszy\u0144sk\u0105\">Wi\u0119cej<\/a><\/div><div class=\"clear\"><\/div><\/li><!-- .entry (end) --><li class=\"recent-posts_li post-32860 post type-post status-publish format-standard has-post-thumbnail hentry category-przewodnictwo-i-pilotaz category-turystyka-pttk cat-75-id cat-41-id  list-item-2 clearfix\"><figure class=\"thumbnail featured-thumbnail\"><a href=\"https:\/\/turysta2.pttk.pl\/?p=32860\" title=\"Moja droga przewodnicka z Marcelim Mottym\"><img decoding=\"async\" src=\"https:\/\/turysta2.pttk.pl\/wp-content\/uploads\/2026\/05\/Rodzina-Marcelego-Mottego-270x213.jpg\" alt=\"Moja droga przewodnicka z Marcelim Mottym\"\/><\/a><span class=\"post_category\"><a href=\"https:\/\/turysta2.pttk.pl\/?cat=75\" title=\"Przewodnictwo i pilota\u017c\">Przewodnictwo i pilota\u017c<\/a> , <a href=\"https:\/\/turysta2.pttk.pl\/?cat=41\" title=\"Turystyka w PTTK\">Turystyka w PTTK<\/a> <\/span><\/figure><div class=\"desc\"><h5><a href=\"https:\/\/turysta2.pttk.pl\/?p=32860\" title=\"Moja droga przewodnicka z Marcelim Mottym\">Moja droga przewodnicka z Marcelim Mottym<\/a><\/h5><a href=\"https:\/\/turysta2.pttk.pl\/?p=32860\" class=\"btn btn-primary\" title=\"Moja droga przewodnicka z Marcelim Mottym\">Wi\u0119cej<\/a><\/div><div class=\"clear\"><\/div><\/li><!-- .entry (end) --><li class=\"recent-posts_li post-32844 post type-post status-publish format-standard has-post-thumbnail hentry category-aktualnosci category-turystyka-jezdziecka cat-93-id cat-72-id  list-item-3 clearfix\"><figure class=\"thumbnail featured-thumbnail\"><a href=\"https:\/\/turysta2.pttk.pl\/?p=32844\" title=\"Pierwszy krok do \u015bwiata TREC\"><img decoding=\"async\" src=\"https:\/\/turysta2.pttk.pl\/wp-content\/uploads\/2026\/05\/Kids-CUP-Trec-pttk-270x213.jpg\" alt=\"Pierwszy krok do \u015bwiata TREC\"\/><\/a><span class=\"post_category\"><a href=\"https:\/\/turysta2.pttk.pl\/?cat=93\" title=\"Aktualno\u015bci\">Aktualno\u015bci<\/a> , <a href=\"https:\/\/turysta2.pttk.pl\/?cat=72\" title=\"Turystyka je\u017adziecka\">Turystyka je\u017adziecka<\/a> <\/span><\/figure><div class=\"desc\"><h5><a href=\"https:\/\/turysta2.pttk.pl\/?p=32844\" title=\"Pierwszy krok do \u015bwiata TREC\">Pierwszy krok do \u015bwiata TREC<\/a><\/h5><a href=\"https:\/\/turysta2.pttk.pl\/?p=32844\" class=\"btn btn-primary\" title=\"Pierwszy krok do \u015bwiata TREC\">Wi\u0119cej<\/a><\/div><div class=\"clear\"><\/div><\/li><!-- .entry (end) --><\/ul><!-- .recent-posts (end) --><div class=\"spacer\"><\/div><!-- .spacer (end) --><\/div>\n<div class=\"span3 \"><h2>Krajoznawstwo<\/h2>\n<ul class=\"recent-posts style-2 unstyled\"><li class=\"recent-posts_li post-32903 post type-post status-publish format-standard has-post-thumbnail hentry category-kolekcjonerstwo category-krajoznawstwo cat-81-id cat-14-id  list-item-0 clearfix\"><figure class=\"thumbnail featured-thumbnail\"><a href=\"https:\/\/turysta2.pttk.pl\/?p=32903\" title=\"Gotyk, kt\u00f3ry prowadzi w drog\u0119\"><img decoding=\"async\" src=\"https:\/\/turysta2.pttk.pl\/wp-content\/uploads\/2026\/06\/1.-TORUN-bazylika-katedralna-scaled-270x213.jpg\" alt=\"Gotyk, kt\u00f3ry prowadzi w drog\u0119\"\/><\/a><span class=\"post_category\"><a href=\"https:\/\/turysta2.pttk.pl\/?cat=81\" title=\"Kolekcjonerstwo\">Kolekcjonerstwo<\/a> , <a href=\"https:\/\/turysta2.pttk.pl\/?cat=14\" title=\"Krajoznawstwo\">Krajoznawstwo<\/a> <\/span><\/figure><div class=\"desc\"><h5><a href=\"https:\/\/turysta2.pttk.pl\/?p=32903\" title=\"Gotyk, kt\u00f3ry prowadzi w drog\u0119\">Gotyk, kt\u00f3ry prowadzi w drog\u0119<\/a><\/h5><a href=\"https:\/\/turysta2.pttk.pl\/?p=32903\" class=\"btn btn-primary\" title=\"Gotyk, kt\u00f3ry prowadzi w drog\u0119\">Wi\u0119cej<\/a><\/div><div class=\"clear\"><\/div><\/li><!-- .entry (end) --><li class=\"recent-posts_li post-32895 post type-post status-publish format-standard has-post-thumbnail hentry category-polecamy category-krajoznawstwo cat-92-id cat-14-id  list-item-1 clearfix\"><figure class=\"thumbnail featured-thumbnail\"><a href=\"https:\/\/turysta2.pttk.pl\/?p=32895\" title=\"\u015al\u0105ska wie\u015b \u2013 zatrzymany \u015bwiat\"><img decoding=\"async\" src=\"https:\/\/turysta2.pttk.pl\/wp-content\/uploads\/2026\/06\/20240512_132818-01-scaled-270x213.jpg\" alt=\"\u015al\u0105ska wie\u015b \u2013 zatrzymany \u015bwiat\"\/><\/a><span class=\"post_category\"><a href=\"https:\/\/turysta2.pttk.pl\/?cat=92\" title=\"- Polecamy -\">- Polecamy -<\/a> , <a href=\"https:\/\/turysta2.pttk.pl\/?cat=14\" title=\"Krajoznawstwo\">Krajoznawstwo<\/a> <\/span><\/figure><div class=\"desc\"><h5><a href=\"https:\/\/turysta2.pttk.pl\/?p=32895\" title=\"\u015al\u0105ska wie\u015b \u2013 zatrzymany \u015bwiat\">\u015al\u0105ska wie\u015b \u2013 zatrzymany \u015bwiat<\/a><\/h5><a href=\"https:\/\/turysta2.pttk.pl\/?p=32895\" class=\"btn btn-primary\" title=\"\u015al\u0105ska wie\u015b \u2013 zatrzymany \u015bwiat\">Wi\u0119cej<\/a><\/div><div class=\"clear\"><\/div><\/li><!-- .entry (end) --><li class=\"recent-posts_li post-32851 post type-post status-publish format-standard has-post-thumbnail hentry category-krajoznawstwo cat-14-id  list-item-2 clearfix\"><figure class=\"thumbnail featured-thumbnail\"><a href=\"https:\/\/turysta2.pttk.pl\/?p=32851\" title=\"Szlakiem miejskich w\u0142az\u00f3w\"><img decoding=\"async\" src=\"https:\/\/turysta2.pttk.pl\/wp-content\/uploads\/2026\/05\/1.-Srodmiescie_Siedlce-fot.-Rafafa1234-scaled-270x213.jpg\" alt=\"Szlakiem miejskich w\u0142az\u00f3w\"\/><\/a><span class=\"post_category\"><a href=\"https:\/\/turysta2.pttk.pl\/?cat=14\" title=\"Krajoznawstwo\">Krajoznawstwo<\/a> <\/span><\/figure><div class=\"desc\"><h5><a href=\"https:\/\/turysta2.pttk.pl\/?p=32851\" title=\"Szlakiem miejskich w\u0142az\u00f3w\">Szlakiem miejskich w\u0142az\u00f3w<\/a><\/h5><a href=\"https:\/\/turysta2.pttk.pl\/?p=32851\" class=\"btn btn-primary\" title=\"Szlakiem miejskich w\u0142az\u00f3w\">Wi\u0119cej<\/a><\/div><div class=\"clear\"><\/div><\/li><!-- .entry (end) --><li class=\"recent-posts_li post-32824 post type-post status-publish format-standard has-post-thumbnail hentry category-krajoznawstwo cat-14-id  list-item-3 clearfix\"><figure class=\"thumbnail featured-thumbnail\"><a href=\"https:\/\/turysta2.pttk.pl\/?p=32824\" title=\"W\u0119dr\u00f3wki po Kotlinie Sandomierskiej\"><img decoding=\"async\" src=\"https:\/\/turysta2.pttk.pl\/wp-content\/uploads\/2026\/04\/1.-Rzeka-San-fot.-M.-Bosek-UMWP-scaled-270x213.jpg\" alt=\"W\u0119dr\u00f3wki po Kotlinie Sandomierskiej\"\/><\/a><span class=\"post_category\"><a href=\"https:\/\/turysta2.pttk.pl\/?cat=14\" title=\"Krajoznawstwo\">Krajoznawstwo<\/a> <\/span><\/figure><div class=\"desc\"><h5><a href=\"https:\/\/turysta2.pttk.pl\/?p=32824\" title=\"W\u0119dr\u00f3wki po Kotlinie Sandomierskiej\">W\u0119dr\u00f3wki po Kotlinie Sandomierskiej<\/a><\/h5><a href=\"https:\/\/turysta2.pttk.pl\/?p=32824\" class=\"btn btn-primary\" title=\"W\u0119dr\u00f3wki po Kotlinie Sandomierskiej\">Wi\u0119cej<\/a><\/div><div class=\"clear\"><\/div><\/li><!-- .entry (end) --><\/ul><!-- .recent-posts (end) --><div class=\"spacer\"><\/div><!-- .spacer (end) --><\/div>\n<div class=\"span3 \"><h2>Turysta poleca<\/h2>\n<ul class=\"recent-posts style-2 unstyled\"><li class=\"recent-posts_li post-32815 post type-post status-publish format-standard has-post-thumbnail hentry category-a-to-polska-wlasnie category-turysta-poleca cat-5-id cat-11-id  list-item-0 clearfix\"><figure class=\"thumbnail featured-thumbnail\"><a href=\"https:\/\/turysta2.pttk.pl\/?p=32815\" title=\"Pieszo od Bieszczad\u00f3w po Roztocze\"><img decoding=\"async\" src=\"https:\/\/turysta2.pttk.pl\/wp-content\/uploads\/2026\/04\/1.-Park-Gwiezdnego-Nieba-scaled-270x213.jpg\" alt=\"Pieszo od Bieszczad\u00f3w po Roztocze\"\/><\/a><span class=\"post_category\"><a href=\"https:\/\/turysta2.pttk.pl\/?cat=5\" title=\"To Polska w\u0142a\u015bnie\">To Polska w\u0142a\u015bnie<\/a> , <a href=\"https:\/\/turysta2.pttk.pl\/?cat=11\" title=\"Turysta poleca\">Turysta poleca<\/a> <\/span><\/figure><div class=\"desc\"><h5><a href=\"https:\/\/turysta2.pttk.pl\/?p=32815\" title=\"Pieszo od Bieszczad\u00f3w po Roztocze\">Pieszo od Bieszczad\u00f3w po Roztocze<\/a><\/h5><a href=\"https:\/\/turysta2.pttk.pl\/?p=32815\" class=\"btn btn-primary\" title=\"Pieszo od Bieszczad\u00f3w po Roztocze\">Wi\u0119cej<\/a><\/div><div class=\"clear\"><\/div><\/li><!-- .entry (end) --><li class=\"recent-posts_li post-32810 post type-post status-publish format-standard has-post-thumbnail hentry category-musisz-zobaczyc category-turysta-poleca cat-95-id cat-11-id  list-item-1 clearfix\"><figure class=\"thumbnail featured-thumbnail\"><a href=\"https:\/\/turysta2.pttk.pl\/?p=32810\" title=\"Przedmioty z dusz\u0105 w Miko\u0142owie\"><img decoding=\"async\" src=\"https:\/\/turysta2.pttk.pl\/wp-content\/uploads\/2026\/04\/2025-06-01-BIRDABO-STUDIO-targ-staroci-0004-270x213.jpg\" alt=\"Przedmioty z dusz\u0105 w Miko\u0142owie\"\/><\/a><span class=\"post_category\"><a href=\"https:\/\/turysta2.pttk.pl\/?cat=95\" title=\"Musisz zobaczy\u0107\">Musisz zobaczy\u0107<\/a> , <a href=\"https:\/\/turysta2.pttk.pl\/?cat=11\" title=\"Turysta poleca\">Turysta poleca<\/a> <\/span><\/figure><div class=\"desc\"><h5><a href=\"https:\/\/turysta2.pttk.pl\/?p=32810\" title=\"Przedmioty z dusz\u0105 w Miko\u0142owie\">Przedmioty z dusz\u0105 w Miko\u0142owie<\/a><\/h5><a href=\"https:\/\/turysta2.pttk.pl\/?p=32810\" class=\"btn btn-primary\" title=\"Przedmioty z dusz\u0105 w Miko\u0142owie\">Wi\u0119cej<\/a><\/div><div class=\"clear\"><\/div><\/li><!-- .entry (end) --><li class=\"recent-posts_li post-32767 post type-post status-publish format-standard has-post-thumbnail hentry category-poznajemy-szlaki category-turysta-poleca cat-84-id cat-11-id  list-item-2 clearfix\"><figure class=\"thumbnail featured-thumbnail\"><a href=\"https:\/\/turysta2.pttk.pl\/?p=32767\" title=\"Noc, latarki i 50 lat tradycji\"><img decoding=\"async\" src=\"https:\/\/turysta2.pttk.pl\/wp-content\/uploads\/2026\/02\/559334123_122151046094876507_7003420240322488711_n-270x213.jpg\" alt=\"Noc, latarki i 50 lat tradycji\"\/><\/a><span class=\"post_category\"><a href=\"https:\/\/turysta2.pttk.pl\/?cat=84\" title=\"Poznajemy szlaki\">Poznajemy szlaki<\/a> , <a href=\"https:\/\/turysta2.pttk.pl\/?cat=11\" title=\"Turysta poleca\">Turysta poleca<\/a> <\/span><\/figure><div class=\"desc\"><h5><a href=\"https:\/\/turysta2.pttk.pl\/?p=32767\" title=\"Noc, latarki i 50 lat tradycji\">Noc, latarki i 50 lat tradycji<\/a><\/h5><a href=\"https:\/\/turysta2.pttk.pl\/?p=32767\" class=\"btn btn-primary\" title=\"Noc, latarki i 50 lat tradycji\">Wi\u0119cej<\/a><\/div><div class=\"clear\"><\/div><\/li><!-- .entry (end) --><li class=\"recent-posts_li post-32753 post type-post status-publish format-standard has-post-thumbnail hentry category-turysta-poleca cat-11-id  list-item-3 clearfix\"><figure class=\"thumbnail featured-thumbnail\"><a href=\"https:\/\/turysta2.pttk.pl\/?p=32753\" title=\"Zamek Dzikowski i\u00a0jego\u00a0skarby\"><img decoding=\"async\" src=\"https:\/\/turysta2.pttk.pl\/wp-content\/uploads\/2026\/02\/20250827_Tarnobrzeg-10-scaled-270x213.jpg\" alt=\"Zamek Dzikowski i\u00a0jego\u00a0skarby\"\/><\/a><span class=\"post_category\"><a href=\"https:\/\/turysta2.pttk.pl\/?cat=11\" title=\"Turysta poleca\">Turysta poleca<\/a> <\/span><\/figure><div class=\"desc\"><h5><a href=\"https:\/\/turysta2.pttk.pl\/?p=32753\" title=\"Zamek Dzikowski i\u00a0jego\u00a0skarby\">Zamek Dzikowski i\u00a0jego\u00a0skarby<\/a><\/h5><a href=\"https:\/\/turysta2.pttk.pl\/?p=32753\" class=\"btn btn-primary\" title=\"Zamek Dzikowski i\u00a0jego\u00a0skarby\">Wi\u0119cej<\/a><\/div><div class=\"clear\"><\/div><\/li><!-- .entry (end) --><\/ul><!-- .recent-posts (end) --><div class=\"spacer\"><\/div><!-- .spacer (end) --><\/div>\n<\/div> <!-- .row (end) --><\/div>\n<div class=\"span3 \"><div class=\"banner-wrap \"><figure class=\"featured-thumbnail\"><a href=\"https:\/\/turysta2.pttk.pl\/turysta-wydania-pdf\/\" title=\"Turysta nr 2(22)\/2026 \"><img decoding=\"async\" src=\"https:\/\/turysta2.pttk.pl\/wp-content\/uploads\/2026\/06\/turysta_2_2026-scaled.jpg\" title=\"Turysta nr 2(22)\/2026 \" alt=\"\" \/><\/a><\/figure><h5><a href=\"https:\/\/turysta2.pttk.pl\/turysta-wydania-pdf\/\" title=\"Turysta nr 2(22)\/2026 \">Turysta nr 2(22)\/2026 <\/a><\/h5><\/div><!-- .banner-wrap (end) -->\n<div class=\"banner-wrap \"><figure class=\"featured-thumbnail\"><a href=\"https:\/\/turysta2.pttk.pl\/ogolnopolski-przeglad-ksiazki-krajoznawczej-i-turystycznej\/\" title=\"34 Og\u00f3lnopolski Przegl\u0105d Ksi\u0105\u017cki Krajoznawczej i Turystycznej\"><img decoding=\"async\" src=\"https:\/\/turysta2.pttk.pl\/wp-content\/uploads\/2026\/07\/Winieta-Przegladu.jpg\" title=\"34 Og\u00f3lnopolski Przegl\u0105d Ksi\u0105\u017cki Krajoznawczej i Turystycznej\" alt=\"\" \/><\/a><\/figure><h5><a href=\"https:\/\/turysta2.pttk.pl\/ogolnopolski-przeglad-ksiazki-krajoznawczej-i-turystycznej\/\" title=\"34 Og\u00f3lnopolski Przegl\u0105d Ksi\u0105\u017cki Krajoznawczej i Turystycznej\">34 Og\u00f3lnopolski Przegl\u0105d Ksi\u0105\u017cki Krajoznawczej i Turystycznej<\/a><\/h5><\/div><!-- .banner-wrap (end) -->\n<div class=\"banner-wrap \"><figure class=\"featured-thumbnail\"><a href=\"https:\/\/centralnabiblioteka.pttk.pl\" title=\"Centralna Biblioteka PTTK\"><img decoding=\"async\" src=\"https:\/\/turysta2.pttk.pl\/wp-content\/uploads\/2025\/12\/CB.jpg\" title=\"Centralna Biblioteka PTTK\" alt=\"\" \/><\/a><\/figure><h5><a href=\"https:\/\/centralnabiblioteka.pttk.pl\" title=\"Centralna Biblioteka PTTK\">Centralna Biblioteka PTTK<\/a><\/h5><\/div><!-- .banner-wrap (end) -->\n<div class=\"banner-wrap \"><figure class=\"featured-thumbnail\"><a href=\"https:\/\/podroze.onet.pl\/ciekawe\/historia-polskiego-towarzystwa-turystyczno-krajoznawczego-pttk\/w3r66xz\" title=\"Onet.pl: sk\u0105d si\u0119 wzi\u0119\u0142o PTTK\"><img decoding=\"async\" src=\"https:\/\/turysta2.pttk.pl\/wp-content\/uploads\/2020\/09\/img_onet.jpg\" title=\"Onet.pl: sk\u0105d si\u0119 wzi\u0119\u0142o PTTK\" alt=\"\" \/><\/a><\/figure><h5><a href=\"https:\/\/podroze.onet.pl\/ciekawe\/historia-polskiego-towarzystwa-turystyczno-krajoznawczego-pttk\/w3r66xz\" title=\"Onet.pl: sk\u0105d si\u0119 wzi\u0119\u0142o PTTK\">Onet.pl: sk\u0105d si\u0119 wzi\u0119\u0142o PTTK<\/a><\/h5><\/div><!-- .banner-wrap (end) -->\n<div class=\"banner-wrap \"><figure class=\"featured-thumbnail\"><a href=\"https:\/\/mazurypttk.pl\/splywy-zorganizowane\/\" title=\"Sp\u0142ywy kajakowe\"><img decoding=\"async\" src=\"https:\/\/turysta2.pttk.pl\/wp-content\/uploads\/2020\/05\/Krutynia-rodzinne-wakacje.jpg\" title=\"Sp\u0142ywy kajakowe\" alt=\"\" \/><\/a><\/figure><h5><a href=\"https:\/\/mazurypttk.pl\/splywy-zorganizowane\/\" title=\"Sp\u0142ywy kajakowe\">Sp\u0142ywy kajakowe<\/a><\/h5><\/div><!-- .banner-wrap (end) -->\n<div class=\"banner-wrap \"><figure class=\"featured-thumbnail\"><a href=\"https:\/\/www.pttkrzeszow.pl\/\" title=\"PTTK Rzesz\u00f3w\"><img decoding=\"async\" src=\"https:\/\/turysta2.pttk.pl\/wp-content\/uploads\/2020\/05\/pttk_rzeszow_ulotka_165x235_mm_v1.jpg\" title=\"PTTK Rzesz\u00f3w\" alt=\"\" \/><\/a><\/figure><h5><a href=\"https:\/\/www.pttkrzeszow.pl\/\" title=\"PTTK Rzesz\u00f3w\">PTTK Rzesz\u00f3w<\/a><\/h5><\/div><!-- .banner-wrap (end) -->\n<div class=\"banner-wrap \"><figure class=\"featured-thumbnail\"><a href=\"https:\/\/turysta2.pttk.pl\/szlak-krutyni-pttk\/\" title=\"SZLAK KRUTYNI\"><img decoding=\"async\" src=\"https:\/\/turysta2.pttk.pl\/wp-content\/uploads\/2020\/08\/SZLAK-KRUTYNI-PTTK.jpg\" title=\"SZLAK KRUTYNI\" alt=\"\" \/><\/a><\/figure><h5><a href=\"https:\/\/turysta2.pttk.pl\/szlak-krutyni-pttk\/\" title=\"SZLAK KRUTYNI\">SZLAK KRUTYNI<\/a><\/h5><\/div><!-- .banner-wrap (end) -->\n<div class=\"banner-wrap \"><figure class=\"featured-thumbnail\"><a href=\"https:\/\/turysta2.pttk.pl\/stanica-wodna-pttk-sorkwity-i-okolica-splyw-krutynia\/\" title=\"STANICA WODNA SORKWITY PTTK\"><img decoding=\"async\" src=\"https:\/\/turysta2.pttk.pl\/wp-content\/uploads\/2020\/08\/SORKWITY-STANICA-WODNA-PTTK.jpg\" title=\"STANICA WODNA SORKWITY PTTK\" alt=\"\" \/><\/a><\/figure><h5><a href=\"https:\/\/turysta2.pttk.pl\/stanica-wodna-pttk-sorkwity-i-okolica-splyw-krutynia\/\" title=\"STANICA WODNA SORKWITY PTTK\">STANICA WODNA SORKWITY PTTK<\/a><\/h5><\/div><!-- .banner-wrap (end) --><\/div><\/div><!-- .row (end) -->\n","protected":false},"excerpt":{"rendered":"","protected":false},"author":4,"featured_media":0,"parent":0,"menu_order":0,"comment_status":"open","ping_status":"closed","template":"page-home.php","meta":{"footnotes":""},"class_list":["post-203","page","type-page","status-publish","hentry","cat-11-id"],"aioseo_notices":[],"_links":{"self":[{"href":"https:\/\/turysta2.pttk.pl\/index.php?rest_route=\/wp\/v2\/pages\/203","targetHints":{"allow":["GET"]}}],"collection":[{"href":"https:\/\/turysta2.pttk.pl\/index.php?rest_route=\/wp\/v2\/pages"}],"about":[{"href":"https:\/\/turysta2.pttk.pl\/index.php?rest_route=\/wp\/v2\/types\/page"}],"author":[{"embeddable":true,"href":"https:\/\/turysta2.pttk.pl\/index.php?rest_route=\/wp\/v2\/users\/4"}],"replies":[{"embeddable":true,"href":"https:\/\/turysta2.pttk.pl\/index.php?rest_route=%2Fwp%2Fv2%2Fcomments&post=203"}],"version-history":[{"count":158,"href":"https:\/\/turysta2.pttk.pl\/index.php?rest_route=\/wp\/v2\/pages\/203\/revisions"}],"predecessor-version":[{"id":32946,"href":"https:\/\/turysta2.pttk.pl\/index.php?rest_route=\/wp\/v2\/pages\/203\/revisions\/32946"}],"wp:attachment":[{"href":"https:\/\/turysta2.pttk.pl\/index.php?rest_route=%2Fwp%2Fv2%2Fmedia&parent=203"}],"curies":[{"name":"wp","href":"https:\/\/api.w.org\/{rel}","templated":true}]}}