{"id":28340,"date":"2022-11-21T15:50:19","date_gmt":"2022-11-21T13:50:19","guid":{"rendered":"https:\/\/turysta2.pttk.pl\/wp-content\/uploads\/2022\/11\/2.-W-\u201eRysiowce-byla-mowa-o-walorach-przyrodniczych-jeziora-Goplo-fot.-Bogumil-Korzeniewski.jpg"},"modified":"2022-11-21T15:50:19","modified_gmt":"2022-11-21T13:50:19","slug":"2-w-rysiowce-byla-mowa-o-walorach-przyrodniczych-jeziora-goplo-fot-bogumil-korzeniewski","status":"inherit","type":"attachment","link":"https:\/\/turysta2.pttk.pl\/zlot-nad-goplem\/2-w-rysiowce-byla-mowa-o-walorach-przyrodniczych-jeziora-goplo-fot-bogumil-korzeniewski\/","title":{"rendered":"2. W \u201eRysi\u00f3wce\u201d by\u0142a mowa o walorach przyrodniczych jeziora Gop\u0142o (fot. Bogumi\u0142 Korzeniewski)"},"author":4,"featured_media":0,"comment_status":"closed","ping_status":"closed","template":"","meta":[],"class_list":["post-28340","attachment","type-attachment","status-inherit","hentry"],"aioseo_notices":[],"aioseo_head":"\n\t\t<!-- All in One SEO 5.0.1.1 - aioseo.com -->\n\t<meta name=\"robots\" content=\"max-image-preview:large\" \/>\n\t<meta name=\"author\" content=\"Maria Janowicz\"\/>\n\t<link rel=\"canonical\" href=\"https:\/\/turysta2.pttk.pl\/zlot-nad-goplem\/2-w-rysiowce-byla-mowa-o-walorach-przyrodniczych-jeziora-goplo-fot-bogumil-korzeniewski\/\" \/>\n\t<meta name=\"generator\" content=\"All in One SEO (AIOSEO) 5.0.1.1\" \/>\n\t\t<meta property=\"og:locale\" content=\"pl_PL\" \/>\n\t\t<meta property=\"og:site_name\" content=\"Kwartalnik TURYSTA - PTTK |\" \/>\n\t\t<meta property=\"og:type\" content=\"article\" \/>\n\t\t<meta property=\"og:title\" content=\"2. W \u201eRysi\u00f3wce\u201d by\u0142a mowa o walorach przyrodniczych jeziora Gop\u0142o (fot. Bogumi\u0142 Korzeniewski) | Kwartalnik TURYSTA - PTTK\" \/>\n\t\t<meta property=\"og:url\" content=\"https:\/\/turysta2.pttk.pl\/zlot-nad-goplem\/2-w-rysiowce-byla-mowa-o-walorach-przyrodniczych-jeziora-goplo-fot-bogumil-korzeniewski\/\" \/>\n\t\t<meta property=\"article:published_time\" content=\"2022-11-21T13:50:19+00:00\" \/>\n\t\t<meta property=\"article:modified_time\" content=\"2022-11-21T13:50:19+00:00\" \/>\n\t\t<meta name=\"twitter:card\" content=\"summary\" \/>\n\t\t<meta name=\"twitter:title\" content=\"2. W \u201eRysi\u00f3wce\u201d by\u0142a mowa o walorach przyrodniczych jeziora Gop\u0142o (fot. Bogumi\u0142 Korzeniewski) | Kwartalnik TURYSTA - PTTK\" \/>\n\t\t<script type=\"application\/ld+json\" class=\"aioseo-schema\">\n\t\t\t{\"@context\":\"https:\\\/\\\/schema.org\",\"@graph\":[{\"@type\":\"BreadcrumbList\",\"@id\":\"https:\\\/\\\/turysta2.pttk.pl\\\/zlot-nad-goplem\\\/2-w-rysiowce-byla-mowa-o-walorach-przyrodniczych-jeziora-goplo-fot-bogumil-korzeniewski\\\/#breadcrumblist\",\"itemListElement\":[{\"@type\":\"ListItem\",\"@id\":\"https:\\\/\\\/turysta2.pttk.pl#listItem\",\"position\":1,\"name\":\"Home\",\"item\":\"https:\\\/\\\/turysta2.pttk.pl\",\"nextItem\":{\"@type\":\"ListItem\",\"@id\":\"https:\\\/\\\/turysta2.pttk.pl\\\/zlot-nad-goplem\\\/2-w-rysiowce-byla-mowa-o-walorach-przyrodniczych-jeziora-goplo-fot-bogumil-korzeniewski\\\/#listItem\",\"name\":\"2. W \\u201eRysi\\u00f3wce\\u201d by\\u0142a mowa o walorach przyrodniczych jeziora Gop\\u0142o (fot. Bogumi\\u0142 Korzeniewski)\"}},{\"@type\":\"ListItem\",\"@id\":\"https:\\\/\\\/turysta2.pttk.pl\\\/zlot-nad-goplem\\\/2-w-rysiowce-byla-mowa-o-walorach-przyrodniczych-jeziora-goplo-fot-bogumil-korzeniewski\\\/#listItem\",\"position\":2,\"name\":\"2. W \\u201eRysi\\u00f3wce\\u201d by\\u0142a mowa o walorach przyrodniczych jeziora Gop\\u0142o (fot. Bogumi\\u0142 Korzeniewski)\",\"previousItem\":{\"@type\":\"ListItem\",\"@id\":\"https:\\\/\\\/turysta2.pttk.pl#listItem\",\"name\":\"Home\"}}]},{\"@type\":\"ItemPage\",\"@id\":\"https:\\\/\\\/turysta2.pttk.pl\\\/zlot-nad-goplem\\\/2-w-rysiowce-byla-mowa-o-walorach-przyrodniczych-jeziora-goplo-fot-bogumil-korzeniewski\\\/#itempage\",\"url\":\"https:\\\/\\\/turysta2.pttk.pl\\\/zlot-nad-goplem\\\/2-w-rysiowce-byla-mowa-o-walorach-przyrodniczych-jeziora-goplo-fot-bogumil-korzeniewski\\\/\",\"name\":\"2. W \\u201eRysi\\u00f3wce\\u201d by\\u0142a mowa o walorach przyrodniczych jeziora Gop\\u0142o (fot. Bogumi\\u0142 Korzeniewski) | Kwartalnik TURYSTA - PTTK\",\"inLanguage\":\"pl-PL\",\"isPartOf\":{\"@id\":\"https:\\\/\\\/turysta2.pttk.pl\\\/#website\"},\"breadcrumb\":{\"@id\":\"https:\\\/\\\/turysta2.pttk.pl\\\/zlot-nad-goplem\\\/2-w-rysiowce-byla-mowa-o-walorach-przyrodniczych-jeziora-goplo-fot-bogumil-korzeniewski\\\/#breadcrumblist\"},\"author\":{\"@id\":\"https:\\\/\\\/turysta2.pttk.pl\\\/author\\\/maria-janowicz\\\/#author\"},\"creator\":{\"@id\":\"https:\\\/\\\/turysta2.pttk.pl\\\/author\\\/maria-janowicz\\\/#author\"},\"datePublished\":\"2022-11-21T15:50:19+02:00\",\"dateModified\":\"2022-11-21T15:50:19+02:00\"},{\"@type\":\"Organization\",\"@id\":\"https:\\\/\\\/turysta2.pttk.pl\\\/#organization\",\"name\":\"Kwartalnik TURYSTA - PTTK\",\"url\":\"https:\\\/\\\/turysta2.pttk.pl\\\/\"},{\"@type\":\"Person\",\"@id\":\"https:\\\/\\\/turysta2.pttk.pl\\\/author\\\/maria-janowicz\\\/#author\",\"url\":\"https:\\\/\\\/turysta2.pttk.pl\\\/author\\\/maria-janowicz\\\/\",\"name\":\"Maria Janowicz\",\"image\":{\"@type\":\"ImageObject\",\"@id\":\"https:\\\/\\\/turysta2.pttk.pl\\\/zlot-nad-goplem\\\/2-w-rysiowce-byla-mowa-o-walorach-przyrodniczych-jeziora-goplo-fot-bogumil-korzeniewski\\\/#authorImage\",\"url\":\"https:\\\/\\\/secure.gravatar.com\\\/avatar\\\/cbc6c030ccc6c6e256d64aceb0963c41897f899ffd2271a7696ffae563448473?s=96&d=mm&r=g\",\"width\":96,\"height\":96,\"caption\":\"Maria Janowicz\"}},{\"@type\":\"WebSite\",\"@id\":\"https:\\\/\\\/turysta2.pttk.pl\\\/#website\",\"url\":\"https:\\\/\\\/turysta2.pttk.pl\\\/\",\"name\":\"Kwartalnik TURYSTA - PTTK\",\"inLanguage\":\"pl-PL\",\"publisher\":{\"@id\":\"https:\\\/\\\/turysta2.pttk.pl\\\/#organization\"}}]}\n\t\t<\/script>\n\t\t<!-- All in One SEO -->\n\n","aioseo_head_json":{"title":"2. W \u201eRysi\u00f3wce\u201d by\u0142a mowa o walorach przyrodniczych jeziora Gop\u0142o (fot. Bogumi\u0142 Korzeniewski) | Kwartalnik TURYSTA - PTTK","description":"","canonical_url":"https:\/\/turysta2.pttk.pl\/zlot-nad-goplem\/2-w-rysiowce-byla-mowa-o-walorach-przyrodniczych-jeziora-goplo-fot-bogumil-korzeniewski\/","robots":"max-image-preview:large","keywords":"","webmasterTools":{"miscellaneous":""},"schema":{"@context":"https:\/\/schema.org","@graph":[{"@type":"BreadcrumbList","@id":"https:\/\/turysta2.pttk.pl\/zlot-nad-goplem\/2-w-rysiowce-byla-mowa-o-walorach-przyrodniczych-jeziora-goplo-fot-bogumil-korzeniewski\/#breadcrumblist","itemListElement":[{"@type":"ListItem","@id":"https:\/\/turysta2.pttk.pl#listItem","position":1,"name":"Home","item":"https:\/\/turysta2.pttk.pl","nextItem":{"@type":"ListItem","@id":"https:\/\/turysta2.pttk.pl\/zlot-nad-goplem\/2-w-rysiowce-byla-mowa-o-walorach-przyrodniczych-jeziora-goplo-fot-bogumil-korzeniewski\/#listItem","name":"2. W \u201eRysi\u00f3wce\u201d by\u0142a mowa o walorach przyrodniczych jeziora Gop\u0142o (fot. Bogumi\u0142 Korzeniewski)"}},{"@type":"ListItem","@id":"https:\/\/turysta2.pttk.pl\/zlot-nad-goplem\/2-w-rysiowce-byla-mowa-o-walorach-przyrodniczych-jeziora-goplo-fot-bogumil-korzeniewski\/#listItem","position":2,"name":"2. W \u201eRysi\u00f3wce\u201d by\u0142a mowa o walorach przyrodniczych jeziora Gop\u0142o (fot. Bogumi\u0142 Korzeniewski)","previousItem":{"@type":"ListItem","@id":"https:\/\/turysta2.pttk.pl#listItem","name":"Home"}}]},{"@type":"ItemPage","@id":"https:\/\/turysta2.pttk.pl\/zlot-nad-goplem\/2-w-rysiowce-byla-mowa-o-walorach-przyrodniczych-jeziora-goplo-fot-bogumil-korzeniewski\/#itempage","url":"https:\/\/turysta2.pttk.pl\/zlot-nad-goplem\/2-w-rysiowce-byla-mowa-o-walorach-przyrodniczych-jeziora-goplo-fot-bogumil-korzeniewski\/","name":"2. W \u201eRysi\u00f3wce\u201d by\u0142a mowa o walorach przyrodniczych jeziora Gop\u0142o (fot. Bogumi\u0142 Korzeniewski) | Kwartalnik TURYSTA - PTTK","inLanguage":"pl-PL","isPartOf":{"@id":"https:\/\/turysta2.pttk.pl\/#website"},"breadcrumb":{"@id":"https:\/\/turysta2.pttk.pl\/zlot-nad-goplem\/2-w-rysiowce-byla-mowa-o-walorach-przyrodniczych-jeziora-goplo-fot-bogumil-korzeniewski\/#breadcrumblist"},"author":{"@id":"https:\/\/turysta2.pttk.pl\/author\/maria-janowicz\/#author"},"creator":{"@id":"https:\/\/turysta2.pttk.pl\/author\/maria-janowicz\/#author"},"datePublished":"2022-11-21T15:50:19+02:00","dateModified":"2022-11-21T15:50:19+02:00"},{"@type":"Organization","@id":"https:\/\/turysta2.pttk.pl\/#organization","name":"Kwartalnik TURYSTA - PTTK","url":"https:\/\/turysta2.pttk.pl\/"},{"@type":"Person","@id":"https:\/\/turysta2.pttk.pl\/author\/maria-janowicz\/#author","url":"https:\/\/turysta2.pttk.pl\/author\/maria-janowicz\/","name":"Maria Janowicz","image":{"@type":"ImageObject","@id":"https:\/\/turysta2.pttk.pl\/zlot-nad-goplem\/2-w-rysiowce-byla-mowa-o-walorach-przyrodniczych-jeziora-goplo-fot-bogumil-korzeniewski\/#authorImage","url":"https:\/\/secure.gravatar.com\/avatar\/cbc6c030ccc6c6e256d64aceb0963c41897f899ffd2271a7696ffae563448473?s=96&d=mm&r=g","width":96,"height":96,"caption":"Maria Janowicz"}},{"@type":"WebSite","@id":"https:\/\/turysta2.pttk.pl\/#website","url":"https:\/\/turysta2.pttk.pl\/","name":"Kwartalnik TURYSTA - PTTK","inLanguage":"pl-PL","publisher":{"@id":"https:\/\/turysta2.pttk.pl\/#organization"}}]},"og:locale":"pl_PL","og:site_name":"Kwartalnik TURYSTA - PTTK |","og:type":"article","og:title":"2. W \u201eRysi\u00f3wce\u201d by\u0142a mowa o walorach przyrodniczych jeziora Gop\u0142o (fot. Bogumi\u0142 Korzeniewski) | Kwartalnik TURYSTA - PTTK","og:url":"https:\/\/turysta2.pttk.pl\/zlot-nad-goplem\/2-w-rysiowce-byla-mowa-o-walorach-przyrodniczych-jeziora-goplo-fot-bogumil-korzeniewski\/","article:published_time":"2022-11-21T13:50:19+00:00","article:modified_time":"2022-11-21T13:50:19+00:00","twitter:card":"summary","twitter:title":"2. W \u201eRysi\u00f3wce\u201d by\u0142a mowa o walorach przyrodniczych jeziora Gop\u0142o (fot. Bogumi\u0142 Korzeniewski) | Kwartalnik TURYSTA - PTTK"},"aioseo_meta_data":{"post_id":"28340","title":null,"description":null,"keywords":null,"keyphrases":null,"primary_term":null,"canonical_url":null,"og_title":null,"og_description":null,"og_object_type":"default","og_image_type":"default","og_image_url":null,"og_image_width":null,"og_image_height":null,"og_image_custom_url":null,"og_image_custom_fields":null,"og_video":null,"og_custom_url":null,"og_article_section":null,"og_article_tags":null,"twitter_use_og":false,"twitter_card":"default","twitter_image_type":"default","twitter_image_url":null,"twitter_image_custom_url":null,"twitter_image_custom_fields":null,"twitter_title":null,"twitter_description":null,"schema":{"blockGraphs":[],"customGraphs":[],"default":{"data":{"Article":[],"Course":[],"Dataset":[],"FAQPage":[],"Movie":[],"Person":[],"Product":[],"ProductReview":[],"Car":[],"Recipe":[],"Service":[],"SoftwareApplication":[],"WebPage":[]},"graphName":"ItemPage","isEnabled":true},"graphs":[]},"schema_type":"default","schema_type_options":null,"pillar_content":false,"robots_default":true,"robots_noindex":false,"robots_noarchive":false,"robots_nosnippet":false,"robots_nofollow":false,"robots_noimageindex":false,"robots_noodp":false,"robots_notranslate":false,"robots_max_snippet":null,"robots_max_videopreview":null,"robots_max_imagepreview":"large","priority":null,"frequency":null,"local_seo":null,"breadcrumb_settings":null,"limit_modified_date":false,"ai":null,"created":"2022-11-22 04:54:35","updated":"2025-10-09 07:14:31","focus_keyword":null,"additional_keywords":null,"truseo_locale":null,"seo_analyzer_scan_date":null},"aioseo_breadcrumb":"<div class=\"aioseo-breadcrumbs\"><span class=\"aioseo-breadcrumb\">\n\t\t\t<a href=\"https:\/\/turysta2.pttk.pl\" title=\"Home\">Home<\/a>\n\t\t<\/span><span class=\"aioseo-breadcrumb-separator\">&raquo;<\/span><span class=\"aioseo-breadcrumb\">\n\t\t\t2. W \u201eRysi\u00f3wce\u201d by\u0142a mowa o walorach przyrodniczych jeziora Gop\u0142o (fot. Bogumi\u0142 Korzeniewski)\n\t\t<\/span><\/div>","aioseo_breadcrumb_json":[{"label":"Home","link":"https:\/\/turysta2.pttk.pl"},{"label":"2. W \u201eRysi\u00f3wce\u201d by\u0142a mowa o walorach przyrodniczych jeziora Gop\u0142o (fot. Bogumi\u0142 Korzeniewski)","link":"https:\/\/turysta2.pttk.pl\/zlot-nad-goplem\/2-w-rysiowce-byla-mowa-o-walorach-przyrodniczych-jeziora-goplo-fot-bogumil-korzeniewski\/"}],"description":{"rendered":"<p class=\"attachment\"><a href='https:\/\/turysta2.pttk.pl\/wp-content\/uploads\/2022\/11\/2.-W-\u201eRysiowce-byla-mowa-o-walorach-przyrodniczych-jeziora-Goplo-fot.-Bogumil-Korzeniewski.jpg'><img loading=\"lazy\" decoding=\"async\" width=\"300\" height=\"254\" src=\"https:\/\/turysta2.pttk.pl\/wp-content\/uploads\/2022\/11\/2.-W-\u201eRysiowce-byla-mowa-o-walorach-przyrodniczych-jeziora-Goplo-fot.-Bogumil-Korzeniewski-300x254.jpg\" class=\"attachment-medium size-medium\" alt=\"\" srcset=\"https:\/\/turysta2.pttk.pl\/wp-content\/uploads\/2022\/11\/2.-W-\u201eRysiowce-byla-mowa-o-walorach-przyrodniczych-jeziora-Goplo-fot.-Bogumil-Korzeniewski-300x254.jpg 300w, https:\/\/turysta2.pttk.pl\/wp-content\/uploads\/2022\/11\/2.-W-\u201eRysiowce-byla-mowa-o-walorach-przyrodniczych-jeziora-Goplo-fot.-Bogumil-Korzeniewski-1024x866.jpg 1024w, https:\/\/turysta2.pttk.pl\/wp-content\/uploads\/2022\/11\/2.-W-\u201eRysiowce-byla-mowa-o-walorach-przyrodniczych-jeziora-Goplo-fot.-Bogumil-Korzeniewski-768x650.jpg 768w, https:\/\/turysta2.pttk.pl\/wp-content\/uploads\/2022\/11\/2.-W-\u201eRysiowce-byla-mowa-o-walorach-przyrodniczych-jeziora-Goplo-fot.-Bogumil-Korzeniewski-1536x1299.jpg 1536w, https:\/\/turysta2.pttk.pl\/wp-content\/uploads\/2022\/11\/2.-W-\u201eRysiowce-byla-mowa-o-walorach-przyrodniczych-jeziora-Goplo-fot.-Bogumil-Korzeniewski-2048x1732.jpg 2048w\" sizes=\"auto, (max-width: 300px) 100vw, 300px\" \/><\/a><\/p>\n"},"caption":{"rendered":""},"alt_text":"","media_type":"image","mime_type":"image\/jpeg","media_details":{"width":2362,"height":1998,"file":"2022\/11\/2.-W-\u201eRysiowce-byla-mowa-o-walorach-przyrodniczych-jeziora-Goplo-fot.-Bogumil-Korzeniewski.jpg","filesize":3789836,"sizes":{"medium":{"file":"2.-W-\u201eRysiowce-byla-mowa-o-walorach-przyrodniczych-jeziora-Goplo-fot.-Bogumil-Korzeniewski-300x254.jpg","width":300,"height":254,"filesize":48941,"mime_type":"image\/jpeg","source_url":"https:\/\/turysta2.pttk.pl\/wp-content\/uploads\/2022\/11\/2.-W-\u201eRysiowce-byla-mowa-o-walorach-przyrodniczych-jeziora-Goplo-fot.-Bogumil-Korzeniewski-300x254.jpg"},"large":{"file":"2.-W-\u201eRysiowce-byla-mowa-o-walorach-przyrodniczych-jeziora-Goplo-fot.-Bogumil-Korzeniewski-1024x866.jpg","width":1024,"height":866,"filesize":270614,"mime_type":"image\/jpeg","source_url":"https:\/\/turysta2.pttk.pl\/wp-content\/uploads\/2022\/11\/2.-W-\u201eRysiowce-byla-mowa-o-walorach-przyrodniczych-jeziora-Goplo-fot.-Bogumil-Korzeniewski-1024x866.jpg"},"thumbnail":{"file":"2.-W-\u201eRysiowce-byla-mowa-o-walorach-przyrodniczych-jeziora-Goplo-fot.-Bogumil-Korzeniewski-150x150.jpg","width":150,"height":150,"filesize":29218,"mime_type":"image\/jpeg","source_url":"https:\/\/turysta2.pttk.pl\/wp-content\/uploads\/2022\/11\/2.-W-\u201eRysiowce-byla-mowa-o-walorach-przyrodniczych-jeziora-Goplo-fot.-Bogumil-Korzeniewski-150x150.jpg"},"medium_large":{"file":"2.-W-\u201eRysiowce-byla-mowa-o-walorach-przyrodniczych-jeziora-Goplo-fot.-Bogumil-Korzeniewski-768x650.jpg","width":768,"height":650,"filesize":171563,"mime_type":"image\/jpeg","source_url":"https:\/\/turysta2.pttk.pl\/wp-content\/uploads\/2022\/11\/2.-W-\u201eRysiowce-byla-mowa-o-walorach-przyrodniczych-jeziora-Goplo-fot.-Bogumil-Korzeniewski-768x650.jpg"},"1536x1536":{"file":"2.-W-\u201eRysiowce-byla-mowa-o-walorach-przyrodniczych-jeziora-Goplo-fot.-Bogumil-Korzeniewski-1536x1299.jpg","width":1536,"height":1299,"filesize":529356,"mime_type":"image\/jpeg","source_url":"https:\/\/turysta2.pttk.pl\/wp-content\/uploads\/2022\/11\/2.-W-\u201eRysiowce-byla-mowa-o-walorach-przyrodniczych-jeziora-Goplo-fot.-Bogumil-Korzeniewski-1536x1299.jpg"},"2048x2048":{"file":"2.-W-\u201eRysiowce-byla-mowa-o-walorach-przyrodniczych-jeziora-Goplo-fot.-Bogumil-Korzeniewski-2048x1732.jpg","width":2048,"height":1732,"filesize":850362,"mime_type":"image\/jpeg","source_url":"https:\/\/turysta2.pttk.pl\/wp-content\/uploads\/2022\/11\/2.-W-\u201eRysiowce-byla-mowa-o-walorach-przyrodniczych-jeziora-Goplo-fot.-Bogumil-Korzeniewski-2048x1732.jpg"},"post-thumbnail":{"file":"2.-W-\u201eRysiowce-byla-mowa-o-walorach-przyrodniczych-jeziora-Goplo-fot.-Bogumil-Korzeniewski-200x150.jpg","width":200,"height":150,"filesize":32252,"mime_type":"image\/jpeg","source_url":"https:\/\/turysta2.pttk.pl\/wp-content\/uploads\/2022\/11\/2.-W-\u201eRysiowce-byla-mowa-o-walorach-przyrodniczych-jeziora-Goplo-fot.-Bogumil-Korzeniewski-200x150.jpg"},"slider-post-thumbnail":{"file":"2.-W-\u201eRysiowce-byla-mowa-o-walorach-przyrodniczych-jeziora-Goplo-fot.-Bogumil-Korzeniewski-940x446.jpg","width":940,"height":446,"filesize":149285,"mime_type":"image\/jpeg","source_url":"https:\/\/turysta2.pttk.pl\/wp-content\/uploads\/2022\/11\/2.-W-\u201eRysiowce-byla-mowa-o-walorach-przyrodniczych-jeziora-Goplo-fot.-Bogumil-Korzeniewski-940x446.jpg"},"slider-thumb":{"file":"2.-W-\u201eRysiowce-byla-mowa-o-walorach-przyrodniczych-jeziora-Goplo-fot.-Bogumil-Korzeniewski-100x50.jpg","width":100,"height":50,"filesize":22061,"mime_type":"image\/jpeg","source_url":"https:\/\/turysta2.pttk.pl\/wp-content\/uploads\/2022\/11\/2.-W-\u201eRysiowce-byla-mowa-o-walorach-przyrodniczych-jeziora-Goplo-fot.-Bogumil-Korzeniewski-100x50.jpg"},"full":{"file":"2.-W-\u201eRysiowce-byla-mowa-o-walorach-przyrodniczych-jeziora-Goplo-fot.-Bogumil-Korzeniewski.jpg","width":2362,"height":1998,"mime_type":"image\/jpeg","source_url":"https:\/\/turysta2.pttk.pl\/wp-content\/uploads\/2022\/11\/2.-W-\u201eRysiowce-byla-mowa-o-walorach-przyrodniczych-jeziora-Goplo-fot.-Bogumil-Korzeniewski.jpg"}},"image_meta":{"aperture":"4","credit":"","camera":"ILCE-6300","caption":"","created_timestamp":"1665236520","copyright":"","focal_length":"16","iso":"320","shutter_speed":"0.016666666666667","title":"","orientation":"1","keywords":[]}},"post":28338,"source_url":"https:\/\/turysta2.pttk.pl\/wp-content\/uploads\/2022\/11\/2.-W-\u201eRysiowce-byla-mowa-o-walorach-przyrodniczych-jeziora-Goplo-fot.-Bogumil-Korzeniewski.jpg","filename":"2.-W-\u201eRysiowce-byla-mowa-o-walorach-przyrodniczych-jeziora-Goplo-fot.-Bogumil-Korzeniewski.jpg","filesize":3789836,"_links":{"self":[{"href":"https:\/\/turysta2.pttk.pl\/wp-json\/wp\/v2\/media\/28340","targetHints":{"allow":["GET"]}}],"collection":[{"href":"https:\/\/turysta2.pttk.pl\/wp-json\/wp\/v2\/media"}],"about":[{"href":"https:\/\/turysta2.pttk.pl\/wp-json\/wp\/v2\/types\/attachment"}],"author":[{"embeddable":true,"href":"https:\/\/turysta2.pttk.pl\/wp-json\/wp\/v2\/users\/4"}],"replies":[{"embeddable":true,"href":"https:\/\/turysta2.pttk.pl\/wp-json\/wp\/v2\/comments?post=28340"}],"wp:attached-to":[{"embeddable":true,"post_type":"post","id":28338,"href":"https:\/\/turysta2.pttk.pl\/wp-json\/wp\/v2\/posts\/28338"}],"curies":[{"name":"wp","href":"https:\/\/api.w.org\/{rel}","templated":true}]}}