{"id":28339,"date":"2022-11-21T15:50:07","date_gmt":"2022-11-21T13:50:07","guid":{"rendered":"https:\/\/turysta2.pttk.pl\/wp-content\/uploads\/2022\/11\/1.-Uczestnicy-XVI-WZAK-u-stop-Mysiej-Wiezy-fot.-Bogumil-Korzeniewski..jpg"},"modified":"2022-11-21T15:50:07","modified_gmt":"2022-11-21T13:50:07","slug":"1-uczestnicy-xvi-wzak-u-stop-mysiej-wiezy-fot-bogumil-korzeniewski","status":"inherit","type":"attachment","link":"https:\/\/turysta2.pttk.pl\/zlot-nad-goplem\/1-uczestnicy-xvi-wzak-u-stop-mysiej-wiezy-fot-bogumil-korzeniewski\/","title":{"rendered":"1. Uczestnicy XVI WZAK u st\u00f3p Mysiej Wie\u017cy (fot. Bogumi\u0142 Korzeniewski)."},"author":4,"featured_media":0,"comment_status":"closed","ping_status":"closed","template":"","meta":[],"class_list":["post-28339","attachment","type-attachment","status-inherit","hentry"],"aioseo_notices":[],"aioseo_head":"\n\t\t<!-- All in One SEO 5.0.1.1 - aioseo.com -->\n\t<meta name=\"robots\" content=\"max-image-preview:large\" \/>\n\t<meta name=\"author\" content=\"Maria Janowicz\"\/>\n\t<link rel=\"canonical\" href=\"https:\/\/turysta2.pttk.pl\/zlot-nad-goplem\/1-uczestnicy-xvi-wzak-u-stop-mysiej-wiezy-fot-bogumil-korzeniewski\/\" \/>\n\t<meta name=\"generator\" content=\"All in One SEO (AIOSEO) 5.0.1.1\" \/>\n\t\t<meta property=\"og:locale\" content=\"pl_PL\" \/>\n\t\t<meta property=\"og:site_name\" content=\"Kwartalnik TURYSTA - PTTK |\" \/>\n\t\t<meta property=\"og:type\" content=\"article\" \/>\n\t\t<meta property=\"og:title\" content=\"1. Uczestnicy XVI WZAK u st\u00f3p Mysiej Wie\u017cy (fot. Bogumi\u0142 Korzeniewski). | Kwartalnik TURYSTA - PTTK\" \/>\n\t\t<meta property=\"og:url\" content=\"https:\/\/turysta2.pttk.pl\/zlot-nad-goplem\/1-uczestnicy-xvi-wzak-u-stop-mysiej-wiezy-fot-bogumil-korzeniewski\/\" \/>\n\t\t<meta property=\"article:published_time\" content=\"2022-11-21T13:50:07+00:00\" \/>\n\t\t<meta property=\"article:modified_time\" content=\"2022-11-21T13:50:07+00:00\" \/>\n\t\t<meta name=\"twitter:card\" content=\"summary\" \/>\n\t\t<meta name=\"twitter:title\" content=\"1. Uczestnicy XVI WZAK u st\u00f3p Mysiej Wie\u017cy (fot. Bogumi\u0142 Korzeniewski). | Kwartalnik TURYSTA - PTTK\" \/>\n\t\t<script type=\"application\/ld+json\" class=\"aioseo-schema\">\n\t\t\t{\"@context\":\"https:\\\/\\\/schema.org\",\"@graph\":[{\"@type\":\"BreadcrumbList\",\"@id\":\"https:\\\/\\\/turysta2.pttk.pl\\\/zlot-nad-goplem\\\/1-uczestnicy-xvi-wzak-u-stop-mysiej-wiezy-fot-bogumil-korzeniewski\\\/#breadcrumblist\",\"itemListElement\":[{\"@type\":\"ListItem\",\"@id\":\"https:\\\/\\\/turysta2.pttk.pl#listItem\",\"position\":1,\"name\":\"Home\",\"item\":\"https:\\\/\\\/turysta2.pttk.pl\",\"nextItem\":{\"@type\":\"ListItem\",\"@id\":\"https:\\\/\\\/turysta2.pttk.pl\\\/zlot-nad-goplem\\\/1-uczestnicy-xvi-wzak-u-stop-mysiej-wiezy-fot-bogumil-korzeniewski\\\/#listItem\",\"name\":\"1. Uczestnicy XVI WZAK u st\\u00f3p Mysiej Wie\\u017cy (fot. Bogumi\\u0142 Korzeniewski).\"}},{\"@type\":\"ListItem\",\"@id\":\"https:\\\/\\\/turysta2.pttk.pl\\\/zlot-nad-goplem\\\/1-uczestnicy-xvi-wzak-u-stop-mysiej-wiezy-fot-bogumil-korzeniewski\\\/#listItem\",\"position\":2,\"name\":\"1. Uczestnicy XVI WZAK u st\\u00f3p Mysiej Wie\\u017cy (fot. Bogumi\\u0142 Korzeniewski).\",\"previousItem\":{\"@type\":\"ListItem\",\"@id\":\"https:\\\/\\\/turysta2.pttk.pl#listItem\",\"name\":\"Home\"}}]},{\"@type\":\"ItemPage\",\"@id\":\"https:\\\/\\\/turysta2.pttk.pl\\\/zlot-nad-goplem\\\/1-uczestnicy-xvi-wzak-u-stop-mysiej-wiezy-fot-bogumil-korzeniewski\\\/#itempage\",\"url\":\"https:\\\/\\\/turysta2.pttk.pl\\\/zlot-nad-goplem\\\/1-uczestnicy-xvi-wzak-u-stop-mysiej-wiezy-fot-bogumil-korzeniewski\\\/\",\"name\":\"1. Uczestnicy XVI WZAK u st\\u00f3p Mysiej Wie\\u017cy (fot. Bogumi\\u0142 Korzeniewski). | Kwartalnik TURYSTA - PTTK\",\"inLanguage\":\"pl-PL\",\"isPartOf\":{\"@id\":\"https:\\\/\\\/turysta2.pttk.pl\\\/#website\"},\"breadcrumb\":{\"@id\":\"https:\\\/\\\/turysta2.pttk.pl\\\/zlot-nad-goplem\\\/1-uczestnicy-xvi-wzak-u-stop-mysiej-wiezy-fot-bogumil-korzeniewski\\\/#breadcrumblist\"},\"author\":{\"@id\":\"https:\\\/\\\/turysta2.pttk.pl\\\/author\\\/maria-janowicz\\\/#author\"},\"creator\":{\"@id\":\"https:\\\/\\\/turysta2.pttk.pl\\\/author\\\/maria-janowicz\\\/#author\"},\"datePublished\":\"2022-11-21T15:50:07+02:00\",\"dateModified\":\"2022-11-21T15:50:07+02:00\"},{\"@type\":\"Organization\",\"@id\":\"https:\\\/\\\/turysta2.pttk.pl\\\/#organization\",\"name\":\"Kwartalnik TURYSTA - PTTK\",\"url\":\"https:\\\/\\\/turysta2.pttk.pl\\\/\"},{\"@type\":\"Person\",\"@id\":\"https:\\\/\\\/turysta2.pttk.pl\\\/author\\\/maria-janowicz\\\/#author\",\"url\":\"https:\\\/\\\/turysta2.pttk.pl\\\/author\\\/maria-janowicz\\\/\",\"name\":\"Maria Janowicz\",\"image\":{\"@type\":\"ImageObject\",\"@id\":\"https:\\\/\\\/turysta2.pttk.pl\\\/zlot-nad-goplem\\\/1-uczestnicy-xvi-wzak-u-stop-mysiej-wiezy-fot-bogumil-korzeniewski\\\/#authorImage\",\"url\":\"https:\\\/\\\/secure.gravatar.com\\\/avatar\\\/cbc6c030ccc6c6e256d64aceb0963c41897f899ffd2271a7696ffae563448473?s=96&d=mm&r=g\",\"width\":96,\"height\":96,\"caption\":\"Maria Janowicz\"}},{\"@type\":\"WebSite\",\"@id\":\"https:\\\/\\\/turysta2.pttk.pl\\\/#website\",\"url\":\"https:\\\/\\\/turysta2.pttk.pl\\\/\",\"name\":\"Kwartalnik TURYSTA - PTTK\",\"inLanguage\":\"pl-PL\",\"publisher\":{\"@id\":\"https:\\\/\\\/turysta2.pttk.pl\\\/#organization\"}}]}\n\t\t<\/script>\n\t\t<!-- All in One SEO -->\n\n","aioseo_head_json":{"title":"1. Uczestnicy XVI WZAK u st\u00f3p Mysiej Wie\u017cy (fot. Bogumi\u0142 Korzeniewski). | Kwartalnik TURYSTA - PTTK","description":"","canonical_url":"https:\/\/turysta2.pttk.pl\/zlot-nad-goplem\/1-uczestnicy-xvi-wzak-u-stop-mysiej-wiezy-fot-bogumil-korzeniewski\/","robots":"max-image-preview:large","keywords":"","webmasterTools":{"miscellaneous":""},"schema":{"@context":"https:\/\/schema.org","@graph":[{"@type":"BreadcrumbList","@id":"https:\/\/turysta2.pttk.pl\/zlot-nad-goplem\/1-uczestnicy-xvi-wzak-u-stop-mysiej-wiezy-fot-bogumil-korzeniewski\/#breadcrumblist","itemListElement":[{"@type":"ListItem","@id":"https:\/\/turysta2.pttk.pl#listItem","position":1,"name":"Home","item":"https:\/\/turysta2.pttk.pl","nextItem":{"@type":"ListItem","@id":"https:\/\/turysta2.pttk.pl\/zlot-nad-goplem\/1-uczestnicy-xvi-wzak-u-stop-mysiej-wiezy-fot-bogumil-korzeniewski\/#listItem","name":"1. Uczestnicy XVI WZAK u st\u00f3p Mysiej Wie\u017cy (fot. Bogumi\u0142 Korzeniewski)."}},{"@type":"ListItem","@id":"https:\/\/turysta2.pttk.pl\/zlot-nad-goplem\/1-uczestnicy-xvi-wzak-u-stop-mysiej-wiezy-fot-bogumil-korzeniewski\/#listItem","position":2,"name":"1. Uczestnicy XVI WZAK u st\u00f3p Mysiej Wie\u017cy (fot. Bogumi\u0142 Korzeniewski).","previousItem":{"@type":"ListItem","@id":"https:\/\/turysta2.pttk.pl#listItem","name":"Home"}}]},{"@type":"ItemPage","@id":"https:\/\/turysta2.pttk.pl\/zlot-nad-goplem\/1-uczestnicy-xvi-wzak-u-stop-mysiej-wiezy-fot-bogumil-korzeniewski\/#itempage","url":"https:\/\/turysta2.pttk.pl\/zlot-nad-goplem\/1-uczestnicy-xvi-wzak-u-stop-mysiej-wiezy-fot-bogumil-korzeniewski\/","name":"1. Uczestnicy XVI WZAK u st\u00f3p Mysiej Wie\u017cy (fot. Bogumi\u0142 Korzeniewski). | Kwartalnik TURYSTA - PTTK","inLanguage":"pl-PL","isPartOf":{"@id":"https:\/\/turysta2.pttk.pl\/#website"},"breadcrumb":{"@id":"https:\/\/turysta2.pttk.pl\/zlot-nad-goplem\/1-uczestnicy-xvi-wzak-u-stop-mysiej-wiezy-fot-bogumil-korzeniewski\/#breadcrumblist"},"author":{"@id":"https:\/\/turysta2.pttk.pl\/author\/maria-janowicz\/#author"},"creator":{"@id":"https:\/\/turysta2.pttk.pl\/author\/maria-janowicz\/#author"},"datePublished":"2022-11-21T15:50:07+02:00","dateModified":"2022-11-21T15:50:07+02:00"},{"@type":"Organization","@id":"https:\/\/turysta2.pttk.pl\/#organization","name":"Kwartalnik TURYSTA - PTTK","url":"https:\/\/turysta2.pttk.pl\/"},{"@type":"Person","@id":"https:\/\/turysta2.pttk.pl\/author\/maria-janowicz\/#author","url":"https:\/\/turysta2.pttk.pl\/author\/maria-janowicz\/","name":"Maria Janowicz","image":{"@type":"ImageObject","@id":"https:\/\/turysta2.pttk.pl\/zlot-nad-goplem\/1-uczestnicy-xvi-wzak-u-stop-mysiej-wiezy-fot-bogumil-korzeniewski\/#authorImage","url":"https:\/\/secure.gravatar.com\/avatar\/cbc6c030ccc6c6e256d64aceb0963c41897f899ffd2271a7696ffae563448473?s=96&d=mm&r=g","width":96,"height":96,"caption":"Maria Janowicz"}},{"@type":"WebSite","@id":"https:\/\/turysta2.pttk.pl\/#website","url":"https:\/\/turysta2.pttk.pl\/","name":"Kwartalnik TURYSTA - PTTK","inLanguage":"pl-PL","publisher":{"@id":"https:\/\/turysta2.pttk.pl\/#organization"}}]},"og:locale":"pl_PL","og:site_name":"Kwartalnik TURYSTA - PTTK |","og:type":"article","og:title":"1. Uczestnicy XVI WZAK u st\u00f3p Mysiej Wie\u017cy (fot. Bogumi\u0142 Korzeniewski). | Kwartalnik TURYSTA - PTTK","og:url":"https:\/\/turysta2.pttk.pl\/zlot-nad-goplem\/1-uczestnicy-xvi-wzak-u-stop-mysiej-wiezy-fot-bogumil-korzeniewski\/","article:published_time":"2022-11-21T13:50:07+00:00","article:modified_time":"2022-11-21T13:50:07+00:00","twitter:card":"summary","twitter:title":"1. Uczestnicy XVI WZAK u st\u00f3p Mysiej Wie\u017cy (fot. Bogumi\u0142 Korzeniewski). | Kwartalnik TURYSTA - PTTK"},"aioseo_meta_data":{"post_id":"28339","title":null,"description":null,"keywords":null,"keyphrases":null,"primary_term":null,"canonical_url":null,"og_title":null,"og_description":null,"og_object_type":"default","og_image_type":"default","og_image_url":null,"og_image_width":null,"og_image_height":null,"og_image_custom_url":null,"og_image_custom_fields":null,"og_video":null,"og_custom_url":null,"og_article_section":null,"og_article_tags":null,"twitter_use_og":false,"twitter_card":"default","twitter_image_type":"default","twitter_image_url":null,"twitter_image_custom_url":null,"twitter_image_custom_fields":null,"twitter_title":null,"twitter_description":null,"schema":{"blockGraphs":[],"customGraphs":[],"default":{"data":{"Article":[],"Course":[],"Dataset":[],"FAQPage":[],"Movie":[],"Person":[],"Product":[],"ProductReview":[],"Car":[],"Recipe":[],"Service":[],"SoftwareApplication":[],"WebPage":[]},"graphName":"ItemPage","isEnabled":true},"graphs":[]},"schema_type":"default","schema_type_options":null,"pillar_content":false,"robots_default":true,"robots_noindex":false,"robots_noarchive":false,"robots_nosnippet":false,"robots_nofollow":false,"robots_noimageindex":false,"robots_noodp":false,"robots_notranslate":false,"robots_max_snippet":null,"robots_max_videopreview":null,"robots_max_imagepreview":"large","priority":null,"frequency":null,"local_seo":null,"breadcrumb_settings":null,"limit_modified_date":false,"ai":null,"created":"2022-11-23 08:17:39","updated":"2025-10-09 07:14:31","focus_keyword":null,"additional_keywords":null,"truseo_locale":null,"seo_analyzer_scan_date":null},"aioseo_breadcrumb":"<div class=\"aioseo-breadcrumbs\"><span class=\"aioseo-breadcrumb\">\n\t\t\t<a href=\"https:\/\/turysta2.pttk.pl\" title=\"Home\">Home<\/a>\n\t\t<\/span><span class=\"aioseo-breadcrumb-separator\">&raquo;<\/span><span class=\"aioseo-breadcrumb\">\n\t\t\t1. Uczestnicy XVI WZAK u st\u00f3p Mysiej Wie\u017cy (fot. Bogumi\u0142 Korzeniewski).\n\t\t<\/span><\/div>","aioseo_breadcrumb_json":[{"label":"Home","link":"https:\/\/turysta2.pttk.pl"},{"label":"1. Uczestnicy XVI WZAK u st\u00f3p Mysiej Wie\u017cy (fot. Bogumi\u0142 Korzeniewski).","link":"https:\/\/turysta2.pttk.pl\/zlot-nad-goplem\/1-uczestnicy-xvi-wzak-u-stop-mysiej-wiezy-fot-bogumil-korzeniewski\/"}],"description":{"rendered":"<p class=\"attachment\"><a href='https:\/\/turysta2.pttk.pl\/wp-content\/uploads\/2022\/11\/1.-Uczestnicy-XVI-WZAK-u-stop-Mysiej-Wiezy-fot.-Bogumil-Korzeniewski..jpg'><img loading=\"lazy\" decoding=\"async\" width=\"300\" height=\"210\" src=\"https:\/\/turysta2.pttk.pl\/wp-content\/uploads\/2022\/11\/1.-Uczestnicy-XVI-WZAK-u-stop-Mysiej-Wiezy-fot.-Bogumil-Korzeniewski.-300x210.jpg\" class=\"attachment-medium size-medium\" alt=\"\" srcset=\"https:\/\/turysta2.pttk.pl\/wp-content\/uploads\/2022\/11\/1.-Uczestnicy-XVI-WZAK-u-stop-Mysiej-Wiezy-fot.-Bogumil-Korzeniewski.-300x210.jpg 300w, https:\/\/turysta2.pttk.pl\/wp-content\/uploads\/2022\/11\/1.-Uczestnicy-XVI-WZAK-u-stop-Mysiej-Wiezy-fot.-Bogumil-Korzeniewski.-1024x717.jpg 1024w, https:\/\/turysta2.pttk.pl\/wp-content\/uploads\/2022\/11\/1.-Uczestnicy-XVI-WZAK-u-stop-Mysiej-Wiezy-fot.-Bogumil-Korzeniewski.-768x537.jpg 768w, https:\/\/turysta2.pttk.pl\/wp-content\/uploads\/2022\/11\/1.-Uczestnicy-XVI-WZAK-u-stop-Mysiej-Wiezy-fot.-Bogumil-Korzeniewski.-1536x1075.jpg 1536w, https:\/\/turysta2.pttk.pl\/wp-content\/uploads\/2022\/11\/1.-Uczestnicy-XVI-WZAK-u-stop-Mysiej-Wiezy-fot.-Bogumil-Korzeniewski.-2048x1433.jpg 2048w\" sizes=\"auto, (max-width: 300px) 100vw, 300px\" \/><\/a><\/p>\n"},"caption":{"rendered":""},"alt_text":"","media_type":"image","mime_type":"image\/jpeg","media_details":{"width":2362,"height":1653,"file":"2022\/11\/1.-Uczestnicy-XVI-WZAK-u-stop-Mysiej-Wiezy-fot.-Bogumil-Korzeniewski..jpg","filesize":3684240,"sizes":{"medium":{"file":"1.-Uczestnicy-XVI-WZAK-u-stop-Mysiej-Wiezy-fot.-Bogumil-Korzeniewski.-300x210.jpg","width":300,"height":210,"filesize":46545,"mime_type":"image\/jpeg","source_url":"https:\/\/turysta2.pttk.pl\/wp-content\/uploads\/2022\/11\/1.-Uczestnicy-XVI-WZAK-u-stop-Mysiej-Wiezy-fot.-Bogumil-Korzeniewski.-300x210.jpg"},"large":{"file":"1.-Uczestnicy-XVI-WZAK-u-stop-Mysiej-Wiezy-fot.-Bogumil-Korzeniewski.-1024x717.jpg","width":1024,"height":717,"filesize":270705,"mime_type":"image\/jpeg","source_url":"https:\/\/turysta2.pttk.pl\/wp-content\/uploads\/2022\/11\/1.-Uczestnicy-XVI-WZAK-u-stop-Mysiej-Wiezy-fot.-Bogumil-Korzeniewski.-1024x717.jpg"},"thumbnail":{"file":"1.-Uczestnicy-XVI-WZAK-u-stop-Mysiej-Wiezy-fot.-Bogumil-Korzeniewski.-150x150.jpg","width":150,"height":150,"filesize":31307,"mime_type":"image\/jpeg","source_url":"https:\/\/turysta2.pttk.pl\/wp-content\/uploads\/2022\/11\/1.-Uczestnicy-XVI-WZAK-u-stop-Mysiej-Wiezy-fot.-Bogumil-Korzeniewski.-150x150.jpg"},"medium_large":{"file":"1.-Uczestnicy-XVI-WZAK-u-stop-Mysiej-Wiezy-fot.-Bogumil-Korzeniewski.-768x537.jpg","width":768,"height":537,"filesize":164925,"mime_type":"image\/jpeg","source_url":"https:\/\/turysta2.pttk.pl\/wp-content\/uploads\/2022\/11\/1.-Uczestnicy-XVI-WZAK-u-stop-Mysiej-Wiezy-fot.-Bogumil-Korzeniewski.-768x537.jpg"},"1536x1536":{"file":"1.-Uczestnicy-XVI-WZAK-u-stop-Mysiej-Wiezy-fot.-Bogumil-Korzeniewski.-1536x1075.jpg","width":1536,"height":1075,"filesize":560217,"mime_type":"image\/jpeg","source_url":"https:\/\/turysta2.pttk.pl\/wp-content\/uploads\/2022\/11\/1.-Uczestnicy-XVI-WZAK-u-stop-Mysiej-Wiezy-fot.-Bogumil-Korzeniewski.-1536x1075.jpg"},"2048x2048":{"file":"1.-Uczestnicy-XVI-WZAK-u-stop-Mysiej-Wiezy-fot.-Bogumil-Korzeniewski.-2048x1433.jpg","width":2048,"height":1433,"filesize":919401,"mime_type":"image\/jpeg","source_url":"https:\/\/turysta2.pttk.pl\/wp-content\/uploads\/2022\/11\/1.-Uczestnicy-XVI-WZAK-u-stop-Mysiej-Wiezy-fot.-Bogumil-Korzeniewski.-2048x1433.jpg"},"post-thumbnail":{"file":"1.-Uczestnicy-XVI-WZAK-u-stop-Mysiej-Wiezy-fot.-Bogumil-Korzeniewski.-200x150.jpg","width":200,"height":150,"filesize":34065,"mime_type":"image\/jpeg","source_url":"https:\/\/turysta2.pttk.pl\/wp-content\/uploads\/2022\/11\/1.-Uczestnicy-XVI-WZAK-u-stop-Mysiej-Wiezy-fot.-Bogumil-Korzeniewski.-200x150.jpg"},"slider-post-thumbnail":{"file":"1.-Uczestnicy-XVI-WZAK-u-stop-Mysiej-Wiezy-fot.-Bogumil-Korzeniewski.-940x446.jpg","width":940,"height":446,"filesize":172874,"mime_type":"image\/jpeg","source_url":"https:\/\/turysta2.pttk.pl\/wp-content\/uploads\/2022\/11\/1.-Uczestnicy-XVI-WZAK-u-stop-Mysiej-Wiezy-fot.-Bogumil-Korzeniewski.-940x446.jpg"},"slider-thumb":{"file":"1.-Uczestnicy-XVI-WZAK-u-stop-Mysiej-Wiezy-fot.-Bogumil-Korzeniewski.-100x50.jpg","width":100,"height":50,"filesize":24432,"mime_type":"image\/jpeg","source_url":"https:\/\/turysta2.pttk.pl\/wp-content\/uploads\/2022\/11\/1.-Uczestnicy-XVI-WZAK-u-stop-Mysiej-Wiezy-fot.-Bogumil-Korzeniewski.-100x50.jpg"},"full":{"file":"1.-Uczestnicy-XVI-WZAK-u-stop-Mysiej-Wiezy-fot.-Bogumil-Korzeniewski..jpg","width":2362,"height":1653,"mime_type":"image\/jpeg","source_url":"https:\/\/turysta2.pttk.pl\/wp-content\/uploads\/2022\/11\/1.-Uczestnicy-XVI-WZAK-u-stop-Mysiej-Wiezy-fot.-Bogumil-Korzeniewski..jpg"}},"image_meta":{"aperture":"5.6","credit":"","camera":"ILCE-6300","caption":"","created_timestamp":"1665308228","copyright":"","focal_length":"16","iso":"100","shutter_speed":"0.016666666666667","title":"","orientation":"1","keywords":[]}},"post":28338,"source_url":"https:\/\/turysta2.pttk.pl\/wp-content\/uploads\/2022\/11\/1.-Uczestnicy-XVI-WZAK-u-stop-Mysiej-Wiezy-fot.-Bogumil-Korzeniewski..jpg","filename":"1.-Uczestnicy-XVI-WZAK-u-stop-Mysiej-Wiezy-fot.-Bogumil-Korzeniewski..jpg","filesize":3684240,"_links":{"self":[{"href":"https:\/\/turysta2.pttk.pl\/wp-json\/wp\/v2\/media\/28339","targetHints":{"allow":["GET"]}}],"collection":[{"href":"https:\/\/turysta2.pttk.pl\/wp-json\/wp\/v2\/media"}],"about":[{"href":"https:\/\/turysta2.pttk.pl\/wp-json\/wp\/v2\/types\/attachment"}],"author":[{"embeddable":true,"href":"https:\/\/turysta2.pttk.pl\/wp-json\/wp\/v2\/users\/4"}],"replies":[{"embeddable":true,"href":"https:\/\/turysta2.pttk.pl\/wp-json\/wp\/v2\/comments?post=28339"}],"wp:attached-to":[{"embeddable":true,"post_type":"post","id":28338,"href":"https:\/\/turysta2.pttk.pl\/wp-json\/wp\/v2\/posts\/28338"}],"curies":[{"name":"wp","href":"https:\/\/api.w.org\/{rel}","templated":true}]}}