{"id":27694,"date":"2022-09-17T17:30:43","date_gmt":"2022-09-17T15:30:43","guid":{"rendered":"https:\/\/turysta2.pttk.pl\/wp-content\/uploads\/2022\/09\/Zrodelko-fot.-Alicja-Mezyk.jpg"},"modified":"2022-09-17T17:30:43","modified_gmt":"2022-09-17T15:30:43","slug":"zrodelko-fot-alicja-mezyk","status":"inherit","type":"attachment","link":"https:\/\/turysta2.pttk.pl\/spotkanie-ze-sfinksem\/zrodelko-fot-alicja-mezyk\/","title":{"rendered":"\u0179r\u00f3de\u0142ko fot. Alicja M\u0119\u017cyk"},"author":4,"featured_media":0,"comment_status":"closed","ping_status":"closed","template":"","meta":[],"class_list":["post-27694","attachment","type-attachment","status-inherit","hentry"],"aioseo_notices":[],"aioseo_head":"\n\t\t<!-- All in One SEO 5.0.1.1 - aioseo.com -->\n\t<meta name=\"robots\" content=\"max-image-preview:large\" \/>\n\t<meta name=\"author\" content=\"Maria Janowicz\"\/>\n\t<link rel=\"canonical\" href=\"https:\/\/turysta2.pttk.pl\/spotkanie-ze-sfinksem\/zrodelko-fot-alicja-mezyk\/\" \/>\n\t<meta name=\"generator\" content=\"All in One SEO (AIOSEO) 5.0.1.1\" \/>\n\t\t<meta property=\"og:locale\" content=\"pl_PL\" \/>\n\t\t<meta property=\"og:site_name\" content=\"Kwartalnik TURYSTA - PTTK |\" \/>\n\t\t<meta property=\"og:type\" content=\"article\" \/>\n\t\t<meta property=\"og:title\" content=\"\u0179r\u00f3de\u0142ko fot. Alicja M\u0119\u017cyk | Kwartalnik TURYSTA - PTTK\" \/>\n\t\t<meta property=\"og:url\" content=\"https:\/\/turysta2.pttk.pl\/spotkanie-ze-sfinksem\/zrodelko-fot-alicja-mezyk\/\" \/>\n\t\t<meta property=\"article:published_time\" content=\"2022-09-17T15:30:43+00:00\" \/>\n\t\t<meta property=\"article:modified_time\" content=\"2022-09-17T15:30:43+00:00\" \/>\n\t\t<meta name=\"twitter:card\" content=\"summary\" \/>\n\t\t<meta name=\"twitter:title\" content=\"\u0179r\u00f3de\u0142ko fot. Alicja M\u0119\u017cyk | Kwartalnik TURYSTA - PTTK\" \/>\n\t\t<script type=\"application\/ld+json\" class=\"aioseo-schema\">\n\t\t\t{\"@context\":\"https:\\\/\\\/schema.org\",\"@graph\":[{\"@type\":\"BreadcrumbList\",\"@id\":\"https:\\\/\\\/turysta2.pttk.pl\\\/spotkanie-ze-sfinksem\\\/zrodelko-fot-alicja-mezyk\\\/#breadcrumblist\",\"itemListElement\":[{\"@type\":\"ListItem\",\"@id\":\"https:\\\/\\\/turysta2.pttk.pl#listItem\",\"position\":1,\"name\":\"Home\",\"item\":\"https:\\\/\\\/turysta2.pttk.pl\",\"nextItem\":{\"@type\":\"ListItem\",\"@id\":\"https:\\\/\\\/turysta2.pttk.pl\\\/spotkanie-ze-sfinksem\\\/zrodelko-fot-alicja-mezyk\\\/#listItem\",\"name\":\"\\u0179r\\u00f3de\\u0142ko fot. Alicja M\\u0119\\u017cyk\"}},{\"@type\":\"ListItem\",\"@id\":\"https:\\\/\\\/turysta2.pttk.pl\\\/spotkanie-ze-sfinksem\\\/zrodelko-fot-alicja-mezyk\\\/#listItem\",\"position\":2,\"name\":\"\\u0179r\\u00f3de\\u0142ko fot. Alicja M\\u0119\\u017cyk\",\"previousItem\":{\"@type\":\"ListItem\",\"@id\":\"https:\\\/\\\/turysta2.pttk.pl#listItem\",\"name\":\"Home\"}}]},{\"@type\":\"ItemPage\",\"@id\":\"https:\\\/\\\/turysta2.pttk.pl\\\/spotkanie-ze-sfinksem\\\/zrodelko-fot-alicja-mezyk\\\/#itempage\",\"url\":\"https:\\\/\\\/turysta2.pttk.pl\\\/spotkanie-ze-sfinksem\\\/zrodelko-fot-alicja-mezyk\\\/\",\"name\":\"\\u0179r\\u00f3de\\u0142ko fot. Alicja M\\u0119\\u017cyk | Kwartalnik TURYSTA - PTTK\",\"inLanguage\":\"pl-PL\",\"isPartOf\":{\"@id\":\"https:\\\/\\\/turysta2.pttk.pl\\\/#website\"},\"breadcrumb\":{\"@id\":\"https:\\\/\\\/turysta2.pttk.pl\\\/spotkanie-ze-sfinksem\\\/zrodelko-fot-alicja-mezyk\\\/#breadcrumblist\"},\"author\":{\"@id\":\"https:\\\/\\\/turysta2.pttk.pl\\\/author\\\/maria-janowicz\\\/#author\"},\"creator\":{\"@id\":\"https:\\\/\\\/turysta2.pttk.pl\\\/author\\\/maria-janowicz\\\/#author\"},\"datePublished\":\"2022-09-17T17:30:43+02:00\",\"dateModified\":\"2022-09-17T17:30:43+02:00\"},{\"@type\":\"Organization\",\"@id\":\"https:\\\/\\\/turysta2.pttk.pl\\\/#organization\",\"name\":\"Kwartalnik TURYSTA - PTTK\",\"url\":\"https:\\\/\\\/turysta2.pttk.pl\\\/\"},{\"@type\":\"Person\",\"@id\":\"https:\\\/\\\/turysta2.pttk.pl\\\/author\\\/maria-janowicz\\\/#author\",\"url\":\"https:\\\/\\\/turysta2.pttk.pl\\\/author\\\/maria-janowicz\\\/\",\"name\":\"Maria Janowicz\",\"image\":{\"@type\":\"ImageObject\",\"@id\":\"https:\\\/\\\/turysta2.pttk.pl\\\/spotkanie-ze-sfinksem\\\/zrodelko-fot-alicja-mezyk\\\/#authorImage\",\"url\":\"https:\\\/\\\/secure.gravatar.com\\\/avatar\\\/cbc6c030ccc6c6e256d64aceb0963c41897f899ffd2271a7696ffae563448473?s=96&d=mm&r=g\",\"width\":96,\"height\":96,\"caption\":\"Maria Janowicz\"}},{\"@type\":\"WebSite\",\"@id\":\"https:\\\/\\\/turysta2.pttk.pl\\\/#website\",\"url\":\"https:\\\/\\\/turysta2.pttk.pl\\\/\",\"name\":\"Kwartalnik TURYSTA - PTTK\",\"inLanguage\":\"pl-PL\",\"publisher\":{\"@id\":\"https:\\\/\\\/turysta2.pttk.pl\\\/#organization\"}}]}\n\t\t<\/script>\n\t\t<!-- All in One SEO -->\n\n","aioseo_head_json":{"title":"\u0179r\u00f3de\u0142ko fot. Alicja M\u0119\u017cyk | Kwartalnik TURYSTA - PTTK","description":"","canonical_url":"https:\/\/turysta2.pttk.pl\/spotkanie-ze-sfinksem\/zrodelko-fot-alicja-mezyk\/","robots":"max-image-preview:large","keywords":"","webmasterTools":{"miscellaneous":""},"schema":{"@context":"https:\/\/schema.org","@graph":[{"@type":"BreadcrumbList","@id":"https:\/\/turysta2.pttk.pl\/spotkanie-ze-sfinksem\/zrodelko-fot-alicja-mezyk\/#breadcrumblist","itemListElement":[{"@type":"ListItem","@id":"https:\/\/turysta2.pttk.pl#listItem","position":1,"name":"Home","item":"https:\/\/turysta2.pttk.pl","nextItem":{"@type":"ListItem","@id":"https:\/\/turysta2.pttk.pl\/spotkanie-ze-sfinksem\/zrodelko-fot-alicja-mezyk\/#listItem","name":"\u0179r\u00f3de\u0142ko fot. Alicja M\u0119\u017cyk"}},{"@type":"ListItem","@id":"https:\/\/turysta2.pttk.pl\/spotkanie-ze-sfinksem\/zrodelko-fot-alicja-mezyk\/#listItem","position":2,"name":"\u0179r\u00f3de\u0142ko fot. Alicja M\u0119\u017cyk","previousItem":{"@type":"ListItem","@id":"https:\/\/turysta2.pttk.pl#listItem","name":"Home"}}]},{"@type":"ItemPage","@id":"https:\/\/turysta2.pttk.pl\/spotkanie-ze-sfinksem\/zrodelko-fot-alicja-mezyk\/#itempage","url":"https:\/\/turysta2.pttk.pl\/spotkanie-ze-sfinksem\/zrodelko-fot-alicja-mezyk\/","name":"\u0179r\u00f3de\u0142ko fot. Alicja M\u0119\u017cyk | Kwartalnik TURYSTA - PTTK","inLanguage":"pl-PL","isPartOf":{"@id":"https:\/\/turysta2.pttk.pl\/#website"},"breadcrumb":{"@id":"https:\/\/turysta2.pttk.pl\/spotkanie-ze-sfinksem\/zrodelko-fot-alicja-mezyk\/#breadcrumblist"},"author":{"@id":"https:\/\/turysta2.pttk.pl\/author\/maria-janowicz\/#author"},"creator":{"@id":"https:\/\/turysta2.pttk.pl\/author\/maria-janowicz\/#author"},"datePublished":"2022-09-17T17:30:43+02:00","dateModified":"2022-09-17T17:30:43+02:00"},{"@type":"Organization","@id":"https:\/\/turysta2.pttk.pl\/#organization","name":"Kwartalnik TURYSTA - PTTK","url":"https:\/\/turysta2.pttk.pl\/"},{"@type":"Person","@id":"https:\/\/turysta2.pttk.pl\/author\/maria-janowicz\/#author","url":"https:\/\/turysta2.pttk.pl\/author\/maria-janowicz\/","name":"Maria Janowicz","image":{"@type":"ImageObject","@id":"https:\/\/turysta2.pttk.pl\/spotkanie-ze-sfinksem\/zrodelko-fot-alicja-mezyk\/#authorImage","url":"https:\/\/secure.gravatar.com\/avatar\/cbc6c030ccc6c6e256d64aceb0963c41897f899ffd2271a7696ffae563448473?s=96&d=mm&r=g","width":96,"height":96,"caption":"Maria Janowicz"}},{"@type":"WebSite","@id":"https:\/\/turysta2.pttk.pl\/#website","url":"https:\/\/turysta2.pttk.pl\/","name":"Kwartalnik TURYSTA - PTTK","inLanguage":"pl-PL","publisher":{"@id":"https:\/\/turysta2.pttk.pl\/#organization"}}]},"og:locale":"pl_PL","og:site_name":"Kwartalnik TURYSTA - PTTK |","og:type":"article","og:title":"\u0179r\u00f3de\u0142ko fot. Alicja M\u0119\u017cyk | Kwartalnik TURYSTA - PTTK","og:url":"https:\/\/turysta2.pttk.pl\/spotkanie-ze-sfinksem\/zrodelko-fot-alicja-mezyk\/","article:published_time":"2022-09-17T15:30:43+00:00","article:modified_time":"2022-09-17T15:30:43+00:00","twitter:card":"summary","twitter:title":"\u0179r\u00f3de\u0142ko fot. Alicja M\u0119\u017cyk | Kwartalnik TURYSTA - PTTK"},"aioseo_meta_data":{"post_id":"27694","title":null,"description":null,"keywords":null,"keyphrases":null,"primary_term":null,"canonical_url":null,"og_title":null,"og_description":null,"og_object_type":"default","og_image_type":"default","og_image_url":null,"og_image_width":null,"og_image_height":null,"og_image_custom_url":null,"og_image_custom_fields":null,"og_video":null,"og_custom_url":null,"og_article_section":null,"og_article_tags":null,"twitter_use_og":false,"twitter_card":"default","twitter_image_type":"default","twitter_image_url":null,"twitter_image_custom_url":null,"twitter_image_custom_fields":null,"twitter_title":null,"twitter_description":null,"schema":{"blockGraphs":[],"customGraphs":[],"default":{"data":{"Article":[],"Course":[],"Dataset":[],"FAQPage":[],"Movie":[],"Person":[],"Product":[],"ProductReview":[],"Car":[],"Recipe":[],"Service":[],"SoftwareApplication":[],"WebPage":[]},"graphName":"ItemPage","isEnabled":true},"graphs":[]},"schema_type":"default","schema_type_options":null,"pillar_content":false,"robots_default":true,"robots_noindex":false,"robots_noarchive":false,"robots_nosnippet":false,"robots_nofollow":false,"robots_noimageindex":false,"robots_noodp":false,"robots_notranslate":false,"robots_max_snippet":null,"robots_max_videopreview":null,"robots_max_imagepreview":"large","priority":null,"frequency":null,"local_seo":null,"breadcrumb_settings":null,"limit_modified_date":false,"ai":null,"created":"2022-09-18 23:08:27","updated":"2025-10-09 04:37:50","focus_keyword":null,"additional_keywords":null,"truseo_locale":null,"seo_analyzer_scan_date":null},"aioseo_breadcrumb":"<div class=\"aioseo-breadcrumbs\"><span class=\"aioseo-breadcrumb\">\n\t\t\t<a href=\"https:\/\/turysta2.pttk.pl\" title=\"Home\">Home<\/a>\n\t\t<\/span><span class=\"aioseo-breadcrumb-separator\">&raquo;<\/span><span class=\"aioseo-breadcrumb\">\n\t\t\t\u0179r\u00f3de\u0142ko fot. Alicja M\u0119\u017cyk\n\t\t<\/span><\/div>","aioseo_breadcrumb_json":[{"label":"Home","link":"https:\/\/turysta2.pttk.pl"},{"label":"\u0179r\u00f3de\u0142ko fot. Alicja M\u0119\u017cyk","link":"https:\/\/turysta2.pttk.pl\/spotkanie-ze-sfinksem\/zrodelko-fot-alicja-mezyk\/"}],"description":{"rendered":"<p class=\"attachment\"><a href='https:\/\/turysta2.pttk.pl\/wp-content\/uploads\/2022\/09\/Zrodelko-fot.-Alicja-Mezyk-scaled.jpg'><img loading=\"lazy\" decoding=\"async\" width=\"225\" height=\"300\" src=\"https:\/\/turysta2.pttk.pl\/wp-content\/uploads\/2022\/09\/Zrodelko-fot.-Alicja-Mezyk-225x300.jpg\" class=\"attachment-medium size-medium\" alt=\"\" srcset=\"https:\/\/turysta2.pttk.pl\/wp-content\/uploads\/2022\/09\/Zrodelko-fot.-Alicja-Mezyk-225x300.jpg 225w, https:\/\/turysta2.pttk.pl\/wp-content\/uploads\/2022\/09\/Zrodelko-fot.-Alicja-Mezyk-768x1024.jpg 768w, https:\/\/turysta2.pttk.pl\/wp-content\/uploads\/2022\/09\/Zrodelko-fot.-Alicja-Mezyk-1152x1536.jpg 1152w, https:\/\/turysta2.pttk.pl\/wp-content\/uploads\/2022\/09\/Zrodelko-fot.-Alicja-Mezyk-1536x2048.jpg 1536w, https:\/\/turysta2.pttk.pl\/wp-content\/uploads\/2022\/09\/Zrodelko-fot.-Alicja-Mezyk-scaled.jpg 1920w\" sizes=\"auto, (max-width: 225px) 100vw, 225px\" \/><\/a><\/p>\n"},"caption":{"rendered":""},"alt_text":"","media_type":"image","mime_type":"image\/jpeg","media_details":{"width":1920,"height":2560,"file":"2022\/09\/Zrodelko-fot.-Alicja-Mezyk-scaled.jpg","filesize":1025565,"sizes":{"medium":{"file":"Zrodelko-fot.-Alicja-Mezyk-225x300.jpg","width":225,"height":300,"filesize":50250,"mime_type":"image\/jpeg","source_url":"https:\/\/turysta2.pttk.pl\/wp-content\/uploads\/2022\/09\/Zrodelko-fot.-Alicja-Mezyk-225x300.jpg"},"large":{"file":"Zrodelko-fot.-Alicja-Mezyk-768x1024.jpg","width":768,"height":1024,"filesize":256345,"mime_type":"image\/jpeg","source_url":"https:\/\/turysta2.pttk.pl\/wp-content\/uploads\/2022\/09\/Zrodelko-fot.-Alicja-Mezyk-768x1024.jpg"},"thumbnail":{"file":"Zrodelko-fot.-Alicja-Mezyk-150x150.jpg","width":150,"height":150,"filesize":31775,"mime_type":"image\/jpeg","source_url":"https:\/\/turysta2.pttk.pl\/wp-content\/uploads\/2022\/09\/Zrodelko-fot.-Alicja-Mezyk-150x150.jpg"},"medium_large":{"file":"Zrodelko-fot.-Alicja-Mezyk-768x1024.jpg","width":768,"height":1024,"filesize":256345,"mime_type":"image\/jpeg","source_url":"https:\/\/turysta2.pttk.pl\/wp-content\/uploads\/2022\/09\/Zrodelko-fot.-Alicja-Mezyk-768x1024.jpg"},"1536x1536":{"file":"Zrodelko-fot.-Alicja-Mezyk-1152x1536.jpg","width":1152,"height":1536,"filesize":468826,"mime_type":"image\/jpeg","source_url":"https:\/\/turysta2.pttk.pl\/wp-content\/uploads\/2022\/09\/Zrodelko-fot.-Alicja-Mezyk-1152x1536.jpg"},"2048x2048":{"file":"Zrodelko-fot.-Alicja-Mezyk-1536x2048.jpg","width":1536,"height":2048,"filesize":725625,"mime_type":"image\/jpeg","source_url":"https:\/\/turysta2.pttk.pl\/wp-content\/uploads\/2022\/09\/Zrodelko-fot.-Alicja-Mezyk-1536x2048.jpg"},"post-thumbnail":{"file":"Zrodelko-fot.-Alicja-Mezyk-200x150.jpg","width":200,"height":150,"filesize":35037,"mime_type":"image\/jpeg","source_url":"https:\/\/turysta2.pttk.pl\/wp-content\/uploads\/2022\/09\/Zrodelko-fot.-Alicja-Mezyk-200x150.jpg"},"slider-post-thumbnail":{"file":"Zrodelko-fot.-Alicja-Mezyk-940x446.jpg","width":940,"height":446,"filesize":150154,"mime_type":"image\/jpeg","source_url":"https:\/\/turysta2.pttk.pl\/wp-content\/uploads\/2022\/09\/Zrodelko-fot.-Alicja-Mezyk-940x446.jpg"},"slider-thumb":{"file":"Zrodelko-fot.-Alicja-Mezyk-100x50.jpg","width":100,"height":50,"filesize":24290,"mime_type":"image\/jpeg","source_url":"https:\/\/turysta2.pttk.pl\/wp-content\/uploads\/2022\/09\/Zrodelko-fot.-Alicja-Mezyk-100x50.jpg"},"full":{"file":"Zrodelko-fot.-Alicja-Mezyk-scaled.jpg","width":1920,"height":2560,"mime_type":"image\/jpeg","source_url":"https:\/\/turysta2.pttk.pl\/wp-content\/uploads\/2022\/09\/Zrodelko-fot.-Alicja-Mezyk-scaled.jpg"}},"image_meta":{"aperture":"10","credit":"","camera":"FinePix F660EXR","caption":"","created_timestamp":"1650718277","copyright":"","focal_length":"4.4","iso":"800","shutter_speed":"0.023809523809524","title":"","orientation":"1","keywords":[]},"original_image":"Zrodelko-fot.-Alicja-Mezyk.jpg"},"post":27689,"source_url":"https:\/\/turysta2.pttk.pl\/wp-content\/uploads\/2022\/09\/Zrodelko-fot.-Alicja-Mezyk-scaled.jpg","filename":"Zrodelko-fot.-Alicja-Mezyk.jpg","filesize":1025565,"_links":{"self":[{"href":"https:\/\/turysta2.pttk.pl\/wp-json\/wp\/v2\/media\/27694","targetHints":{"allow":["GET"]}}],"collection":[{"href":"https:\/\/turysta2.pttk.pl\/wp-json\/wp\/v2\/media"}],"about":[{"href":"https:\/\/turysta2.pttk.pl\/wp-json\/wp\/v2\/types\/attachment"}],"author":[{"embeddable":true,"href":"https:\/\/turysta2.pttk.pl\/wp-json\/wp\/v2\/users\/4"}],"replies":[{"embeddable":true,"href":"https:\/\/turysta2.pttk.pl\/wp-json\/wp\/v2\/comments?post=27694"}],"wp:attached-to":[{"embeddable":true,"post_type":"post","id":27689,"href":"https:\/\/turysta2.pttk.pl\/wp-json\/wp\/v2\/posts\/27689"}],"curies":[{"name":"wp","href":"https:\/\/api.w.org\/{rel}","templated":true}]}}